{"id":774,"date":"2022-07-19T11:11:30","date_gmt":"2022-07-19T11:11:30","guid":{"rendered":"https:\/\/coresdevelopment.be\/contact\/"},"modified":"2026-04-24T12:09:47","modified_gmt":"2026-04-24T12:09:47","slug":"contact","status":"publish","type":"page","link":"https:\/\/coresdevelopment.be\/fr\/contact\/","title":{"rendered":"Contactez-nous"},"content":{"rendered":"\n<h2 class=\"wp-block-heading has-text-align-center is-style-heading-underlined\">CONTACT<\/h2>\n\n\n<div\n    class=\"wp-blocks-block  alignwide\"\n>\n    <div\n        class=\"border mt-16 mx-auto flex flex-col items-center w-full border-primary-500\"\n    >\n                    <div class=\"max-w-screen-md mx-4\">\n                <div class=\"text-center -translate-y-8 bg-white px-4 md:px-8 py-2 text-2xl uppercase font-light\">\n                    Vous \u00eates int\u00e9ress\u00e9(e) par un de nos projets ou vous avez une question d\u2019ordre g\u00e9n\u00e9ral \u00e0 propos de CORES Development? Compl\u00e9tez vos coordonn\u00e9es ci-dessous et nous vous contacterons dans les plus brefs d\u00e9lais.\n                <\/div>\n                <div class=\"w-20 h-1 bg-orange-500 mx-auto mb-4 -mt-4\"><\/div>\n            <\/div>\n                <div class=\"py-8 px-4 md:px-32 lg:px-44 xl:px-56 w-full\">\n            <div class=\"inner-blocks\">\n    \n\n<div\n        data-form-id='c786ce3e-f641-f011-877a-7c1e5228b3c1'\n        data-form-api-url='https:\/\/public-eur.mkt.dynamics.com\/api\/v1.0\/orgs\/da6cb054-1b24-4524-9baa-175f52e4881c\/landingpageforms'\n        data-cached-form-url='https:\/\/assets-eur.mkt.dynamics.com\/da6cb054-1b24-4524-9baa-175f52e4881c\/digitalassets\/forms\/c786ce3e-f641-f011-877a-7c1e5228b3c1' ><\/div>\n        <script src = 'https:\/\/cxppusa1formui01cdnsa01-endpoint.azureedge.net\/eur\/FormLoader\/FormLoader.bundle.js' ><\/script>\n\n\n<\/div>\n        <\/div>\n    <\/div>\n<\/div>\n\n\n<div\nclass=\"text-center flex flex-col items-center wp-blocks-block  alignwide\"\n>\n                <div class=\"text-9xl rotate-180 flex justify-center text-primary-500 pointer-events-none max-h-16\">\n            &rdquo;\n        <\/div>\n        <div class=\"text-3xl normal-case\">\n            Nous attachons une grande importance \u00e0 un dialogue ouvert et transparent, tant avec les clients qu\u2019avec les riverains. En tant que m\u00e9diatrice, je reste \u00e0 votre disposition pour toutes vos questions, remarques ou suggestions.\n        <\/div>\n        <div class=\"h-1 bg-primary-500 w-64 my-8 justify-center mx-auto\">\n        <\/div>\n                <div class=\"text-sm text-gray-300 italic\">\n            Karen Elsermans\n        <\/div>\n        <\/div>\n\n\n\n<p class=\"has-margin-small has-text-align-center\">N\u2019h\u00e9sitez pas \u00e0 nous rendre visite ou \u00e0 prendre contact avec notre m\u00e9diatrice: <a id=\"AzvSgMWKI\" href=\"mailto:ombudsvrouw@coresdevelopment.be\" rel=\"nofollow\">ombudsvrouw@coresdevelopment.be<\/a>\n+32 (0)3 820 82 72<\/p>\n\n\n\n<h2 class=\"wp-block-heading has-text-align-center is-style-heading-underlined\">CORES Development HQ<\/h2>\n\n\n<div\n    class=\"wp-blocks-block  alignwide has-margin-extralarge\"\n>\n            <div\n            class=\"flex flex-col-reverse lg:flex-row w-full lg:flex-row-reverse\"\n        >\n            <div class=\"p-10 w-full lg:w-2\/5 text-gray-300 leading-loose\">\n                                    <div class=\"mb-8\">\n                                                    <div class=\"flex\">\n                                <div class=\"mr-4\"><\/div>\n                                <div class=\"flex flex-col\">\n                                                                            <div class=\"font-semibold uppercase\">CORES DEVELOPMENT<\/div>\n                                                                                                                <div class=\"\">Mechelsesteenweg 176<\/div>\n                                                                                                                <div class=\"\">2018 Antwerpen<\/div>\n                                                                    <\/div>\n                            <\/div>\n                                                                            <div class=\"flex\">\n                                <div class=\"font-bold mr-4\">T<\/div>\n                                <a href=\"tel:+32 (0)3 820 82 72\">+32 (0)3 820 82 72<\/a>\n                            <\/div>\n                                                                            <div class=\"flex\">\n                                <div class=\"font-bold mr-4\">E<\/div>\n                                <a href=\"mailto:info@coresdevelopment.be\">info@coresdevelopment.be<\/a>\n                            <\/div>\n                                            <\/div>\n                                                    <div>\n                                                                                            <\/div>\n                            <\/div>\n\n            <div\n                class=\"w-full lg:w-3\/5 h-full\">\n                                    <img decoding=\"async\"\n    src=\"https:\/\/coresdevelopment.be\/uploads\/2024\/10\/CORES-DEVELOPMENT-2019-photo-by-Alexandre-Van-Battel-11.jpg\" alt=\"\" srcset=\"https:\/\/coresdevelopment.be\/uploads\/2024\/10\/CORES-DEVELOPMENT-2019-photo-by-Alexandre-Van-Battel-11-300x200.jpg 300w, https:\/\/coresdevelopment.be\/uploads\/2024\/10\/CORES-DEVELOPMENT-2019-photo-by-Alexandre-Van-Battel-11-768x512.jpg 768w, https:\/\/coresdevelopment.be\/uploads\/2024\/10\/CORES-DEVELOPMENT-2019-photo-by-Alexandre-Van-Battel-11.jpg 1024w\" width=\"1024\" height=\"683\" loading=\"lazy\"\n>\n                            <\/div>\n        <\/div>\n    <\/div>\n\n\n\n<p class=\"has-margin-small has-text-align-center\"><\/p>\n\n\n\n<h2 class=\"wp-block-heading has-text-align-center is-style-heading-underlined\">Bureau de CORES \u00e0 Bruxelles<\/h2>\n\n\n<div\n    class=\"wp-blocks-block  alignwide has-margin-extralarge\"\n>\n            <div\n            class=\"flex flex-col-reverse lg:flex-row w-full lg:flex-row-reverse\"\n        >\n            <div class=\"p-10 w-full lg:w-2\/5 text-gray-300 leading-loose\">\n                                    <div class=\"mb-8\">\n                                                    <div class=\"flex\">\n                                <div class=\"mr-4\"><\/div>\n                                <div class=\"flex flex-col\">\n                                                                            <div class=\"font-semibold uppercase\">CORES DEVELOPMENT Bruxelles<\/div>\n                                                                                                                <div class=\"\">Avenue Charle Albert 6<\/div>\n                                                                                                                <div class=\"\">1170 Watermael-Boitsfort<\/div>\n                                                                    <\/div>\n                            <\/div>\n                                                                            <div class=\"flex\">\n                                <div class=\"font-bold mr-4\">T<\/div>\n                                <a href=\"tel:+32 (0)3 820 82 72\">+32 (0)3 820 82 72<\/a>\n                            <\/div>\n                                                                            <div class=\"flex\">\n                                <div class=\"font-bold mr-4\">E<\/div>\n                                <a href=\"mailto:info@coresdevelopment.be\">info@coresdevelopment.be<\/a>\n                            <\/div>\n                                            <\/div>\n                                                    <div>\n                                                                                            <\/div>\n                            <\/div>\n\n            <div\n                class=\"w-full lg:w-3\/5 h-full\">\n                                    <img decoding=\"async\"\n    src=\"https:\/\/coresdevelopment.be\/uploads\/2024\/10\/0746_322-LR.jpg\" alt=\"\" srcset=\"https:\/\/coresdevelopment.be\/uploads\/2024\/10\/0746_322-LR-300x200.jpg 300w, https:\/\/coresdevelopment.be\/uploads\/2024\/10\/0746_322-LR-1024x681.jpg 1024w, https:\/\/coresdevelopment.be\/uploads\/2024\/10\/0746_322-LR-768x511.jpg 768w, https:\/\/coresdevelopment.be\/uploads\/2024\/10\/0746_322-LR-1536x1021.jpg 1536w, https:\/\/coresdevelopment.be\/uploads\/2024\/10\/0746_322-LR.jpg 1618w\" width=\"1618\" height=\"1076\" loading=\"lazy\"\n>\n                            <\/div>\n        <\/div>\n    <\/div>\n\n\n<div\n    class=\"wp-block-spotlight-text-with-image wp-blocks-block  alignwide\"\n>\n    <div\n        class=\"flex flex-col-reverse lg:flex-row w-full\"\n    >\n        <div\n            class=\"p-6 lg:p-8 w-full lg:w-2\/5 wysiwyg-list-checkbox wysiwyg-link-orange text-gray-300 wysiwyg-no-padding lg:pr-16\"\n        >\n                            <div class=\"font-light uppercase leading-relaxed text-3xl is-style-heading-underlined\">\n                    COMMENT SE RENDRE \u00c0 NOS BUREAUX PRINCIPALES ?\n                <\/div>\n                                        <p>\n                    <ul>\n<li><strong>En voiture<\/strong><br \/>\nCORES Development est situ\u00e9 \u00e0 la Mechelsesteenweg, \u00e0 proximit\u00e9 du centre de la ville, Du Singel, du Ring d\u2019Anvers et de tous les grands axes routiers vers Bruxelles (E19, A\/12), Gand (E17\/E34), Hasselt (E313) et les Pays-Bas (E19).<\/li>\n<li><strong>En transport en commun<\/strong><br \/>\nL&#8217;immeuble de bureaux est situ\u00e9 \u00e0 une courte distance \u00e0 pied de plusieurs arr\u00eats de tram et de bus, avec une connexion facile \u00e0 la gare d&#8217;Anvers-Central.<br \/>\nTram: 2 \/ 6 \/ 7 \/ 15<br \/>\nBus: 17 \/ 22 \/ 30 \/ 191<\/li>\n<li><strong>En v\u00e9lo<\/strong><br \/>\nIl y a une arr\u00eat velo juste devant la porte.<\/li>\n<li><strong>O\u00f9 se garer?<\/strong><br \/>\nL\u2019acc\u00e8s \u00e0 notre parking visiteurs se trouve \u00e0 hauteur de la\u00a0<strong>Van Schoonbekestraat 14<\/strong>, 2018 Anvers.<\/li>\n<\/ul>\n\n                <\/p>\n                        <div class=\"mt-4\">\n                            <\/div>\n        <\/div>\n\n        <div\n        class=\"relative h-full image-slider w-full lg:w-3\/5\"\n>\n            <div x-ref=\"interactiveSlider\">\n                                            <div>\n                    <img decoding=\"async\"\n    src=\"https:\/\/coresdevelopment.be\/uploads\/2022\/09\/cores_liggingsplan_antwerpen.jpeg\" alt=\"\" srcset=\"https:\/\/coresdevelopment.be\/uploads\/2022\/09\/cores_liggingsplan_antwerpen-300x192.jpeg 300w, https:\/\/coresdevelopment.be\/uploads\/2022\/09\/cores_liggingsplan_antwerpen-1024x654.jpeg 1024w, https:\/\/coresdevelopment.be\/uploads\/2022\/09\/cores_liggingsplan_antwerpen-768x490.jpeg 768w, https:\/\/coresdevelopment.be\/uploads\/2022\/09\/cores_liggingsplan_antwerpen.jpeg 1500w\" width=\"1500\" height=\"958\" loading=\"lazy\" class=\"!border-none w-full h-full object-contain\"\n>\n                <\/div>\n                    <\/div>\n            <\/div>\n    <\/div>\n<\/div>\n","protected":false},"excerpt":{"rendered":"<p>CONTACT N\u2019h\u00e9sitez pas \u00e0 nous rendre visite ou \u00e0 prendre contact avec notre m\u00e9diatrice: ombudsvrouw@coresdevelopment.be +32 (0)3 820 82 72 CORES Development HQ Bureau de CORES \u00e0 Bruxelles<\/p>\n","protected":false},"author":1,"featured_media":0,"parent":0,"menu_order":0,"comment_status":"closed","ping_status":"closed","template":"","meta":{"_acf_changed":false,"footnotes":""},"class_list":["post-774","page","type-page","status-publish","hentry"],"acf":[],"yoast_head":"<!-- This site is optimized with the Yoast SEO plugin v24.9 - https:\/\/yoast.com\/wordpress\/plugins\/seo\/ -->\n<title>Contactez-nous - Cores Development<\/title>\n<meta name=\"robots\" content=\"index, follow, max-snippet:-1, max-image-preview:large, max-video-preview:-1\" \/>\n<link rel=\"canonical\" href=\"https:\/\/coresdevelopment.be\/fr\/contact\/\" \/>\n<meta property=\"og:locale\" content=\"fr_FR\" \/>\n<meta property=\"og:type\" content=\"article\" \/>\n<meta property=\"og:title\" content=\"Contactez-nous - Cores Development\" \/>\n<meta property=\"og:description\" content=\"CONTACT N\u2019h\u00e9sitez pas \u00e0 nous rendre visite ou \u00e0 prendre contact avec notre m\u00e9diatrice: ombudsvrouw@coresdevelopment.be +32 (0)3 820 82 72 CORES Development HQ Bureau de CORES \u00e0 Bruxelles\" \/>\n<meta property=\"og:url\" content=\"https:\/\/coresdevelopment.be\/fr\/contact\/\" \/>\n<meta property=\"og:site_name\" content=\"Cores Development\" \/>\n<meta property=\"article:modified_time\" content=\"2026-04-24T12:09:47+00:00\" \/>\n<meta name=\"twitter:card\" content=\"summary_large_image\" \/>\n<meta name=\"twitter:label1\" content=\"Est. reading time\" \/>\n\t<meta name=\"twitter:data1\" content=\"1 minute\" \/>\n<script type=\"application\/ld+json\" class=\"yoast-schema-graph\">{\"@context\":\"https:\/\/schema.org\",\"@graph\":[{\"@type\":\"WebPage\",\"@id\":\"https:\/\/coresdevelopment.be\/fr\/contact\/\",\"url\":\"https:\/\/coresdevelopment.be\/fr\/contact\/\",\"name\":\"Contactez-nous - Cores Development\",\"isPartOf\":{\"@id\":\"https:\/\/coresdevelopment.be\/#website\"},\"datePublished\":\"2022-07-19T11:11:30+00:00\",\"dateModified\":\"2026-04-24T12:09:47+00:00\",\"breadcrumb\":{\"@id\":\"https:\/\/coresdevelopment.be\/fr\/contact\/#breadcrumb\"},\"inLanguage\":\"fr-FR\",\"potentialAction\":[{\"@type\":\"ReadAction\",\"target\":[\"https:\/\/coresdevelopment.be\/fr\/contact\/\"]}]},{\"@type\":\"BreadcrumbList\",\"@id\":\"https:\/\/coresdevelopment.be\/fr\/contact\/#breadcrumb\",\"itemListElement\":[{\"@type\":\"ListItem\",\"position\":1,\"name\":\"Home\",\"item\":\"https:\/\/coresdevelopment.be\/fr\/\"},{\"@type\":\"ListItem\",\"position\":2,\"name\":\"Contactez-nous\"}]},{\"@type\":\"WebSite\",\"@id\":\"https:\/\/coresdevelopment.be\/#website\",\"url\":\"https:\/\/coresdevelopment.be\/\",\"name\":\"Cores Development\",\"description\":\"En nog een WordPress site\",\"potentialAction\":[{\"@type\":\"SearchAction\",\"target\":{\"@type\":\"EntryPoint\",\"urlTemplate\":\"https:\/\/coresdevelopment.be\/?s={search_term_string}\"},\"query-input\":{\"@type\":\"PropertyValueSpecification\",\"valueRequired\":true,\"valueName\":\"search_term_string\"}}],\"inLanguage\":\"fr-FR\"}]}<\/script>\n<!-- \/ Yoast SEO plugin. -->","yoast_head_json":{"title":"Contactez-nous - Cores Development","robots":{"index":"index","follow":"follow","max-snippet":"max-snippet:-1","max-image-preview":"max-image-preview:large","max-video-preview":"max-video-preview:-1"},"canonical":"https:\/\/coresdevelopment.be\/fr\/contact\/","og_locale":"fr_FR","og_type":"article","og_title":"Contactez-nous - Cores Development","og_description":"CONTACT N\u2019h\u00e9sitez pas \u00e0 nous rendre visite ou \u00e0 prendre contact avec notre m\u00e9diatrice: ombudsvrouw@coresdevelopment.be +32 (0)3 820 82 72 CORES Development HQ Bureau de CORES \u00e0 Bruxelles","og_url":"https:\/\/coresdevelopment.be\/fr\/contact\/","og_site_name":"Cores Development","article_modified_time":"2026-04-24T12:09:47+00:00","twitter_card":"summary_large_image","twitter_misc":{"Est. reading time":"1 minute"},"schema":{"@context":"https:\/\/schema.org","@graph":[{"@type":"WebPage","@id":"https:\/\/coresdevelopment.be\/fr\/contact\/","url":"https:\/\/coresdevelopment.be\/fr\/contact\/","name":"Contactez-nous - Cores Development","isPartOf":{"@id":"https:\/\/coresdevelopment.be\/#website"},"datePublished":"2022-07-19T11:11:30+00:00","dateModified":"2026-04-24T12:09:47+00:00","breadcrumb":{"@id":"https:\/\/coresdevelopment.be\/fr\/contact\/#breadcrumb"},"inLanguage":"fr-FR","potentialAction":[{"@type":"ReadAction","target":["https:\/\/coresdevelopment.be\/fr\/contact\/"]}]},{"@type":"BreadcrumbList","@id":"https:\/\/coresdevelopment.be\/fr\/contact\/#breadcrumb","itemListElement":[{"@type":"ListItem","position":1,"name":"Home","item":"https:\/\/coresdevelopment.be\/fr\/"},{"@type":"ListItem","position":2,"name":"Contactez-nous"}]},{"@type":"WebSite","@id":"https:\/\/coresdevelopment.be\/#website","url":"https:\/\/coresdevelopment.be\/","name":"Cores Development","description":"En nog een WordPress site","potentialAction":[{"@type":"SearchAction","target":{"@type":"EntryPoint","urlTemplate":"https:\/\/coresdevelopment.be\/?s={search_term_string}"},"query-input":{"@type":"PropertyValueSpecification","valueRequired":true,"valueName":"search_term_string"}}],"inLanguage":"fr-FR"}]}},"_links":{"self":[{"href":"https:\/\/coresdevelopment.be\/fr\/wp-json\/wp\/v2\/pages\/774","targetHints":{"allow":["GET"]}}],"collection":[{"href":"https:\/\/coresdevelopment.be\/fr\/wp-json\/wp\/v2\/pages"}],"about":[{"href":"https:\/\/coresdevelopment.be\/fr\/wp-json\/wp\/v2\/types\/page"}],"author":[{"embeddable":true,"href":"https:\/\/coresdevelopment.be\/fr\/wp-json\/wp\/v2\/users\/1"}],"replies":[{"embeddable":true,"href":"https:\/\/coresdevelopment.be\/fr\/wp-json\/wp\/v2\/comments?post=774"}],"version-history":[{"count":2,"href":"https:\/\/coresdevelopment.be\/fr\/wp-json\/wp\/v2\/pages\/774\/revisions"}],"predecessor-version":[{"id":17904,"href":"https:\/\/coresdevelopment.be\/fr\/wp-json\/wp\/v2\/pages\/774\/revisions\/17904"}],"wp:attachment":[{"href":"https:\/\/coresdevelopment.be\/fr\/wp-json\/wp\/v2\/media?parent=774"}],"curies":[{"name":"wp","href":"https:\/\/api.w.org\/{rel}","templated":true}]}}