{"id":780,"date":"2022-07-19T13:34:30","date_gmt":"2022-07-19T13:34:30","guid":{"rendered":"https:\/\/coresdevelopment.be\/corporate\/"},"modified":"2024-03-20T10:42:29","modified_gmt":"2024-03-20T10:42:29","slug":"commercial","status":"publish","type":"page","link":"https:\/\/coresdevelopment.be\/fr\/commercial\/","title":{"rendered":"Commercial"},"content":{"rendered":"<div\n    class=\"wp-blocks-block  alignfull\"\n>\n    <div\n        class=\"relative h-[100dvh] w-full transition-all\"\n    >\n        <div\n            class=\"absolute inset-0 w-full h-full -z-[1] bg-gradient-to-t opacity-20 from-black via-transparent to-black\"\n        >\n        <\/div>\n        <img decoding=\"async\"\n    src=\"https:\/\/coresdevelopment.be\/uploads\/2024\/03\/Royale-Belge-MIPM-Award-2024-winner4.jpg\" alt=\"\" srcset=\"https:\/\/coresdevelopment.be\/uploads\/2024\/03\/Royale-Belge-MIPM-Award-2024-winner4-300x165.jpg 300w, https:\/\/coresdevelopment.be\/uploads\/2024\/03\/Royale-Belge-MIPM-Award-2024-winner4-1024x564.jpg 1024w, https:\/\/coresdevelopment.be\/uploads\/2024\/03\/Royale-Belge-MIPM-Award-2024-winner4-768x423.jpg 768w, https:\/\/coresdevelopment.be\/uploads\/2024\/03\/Royale-Belge-MIPM-Award-2024-winner4-1536x846.jpg 1536w, https:\/\/coresdevelopment.be\/uploads\/2024\/03\/Royale-Belge-MIPM-Award-2024-winner4.jpg 1960w\" width=\"1960\" height=\"1080\" loading=\"lazy\" class=\"!h-full w-full absolute inset-0 object-cover object-center -z-10\"\n>\n            \n            \n                            <div class=\"z-10 flex flex-col justify-center h-full max-w-screen-sm px-4 text-white pt-14 xl:pt-20 md:w-3\/4 lg:w-1\/2 xl:w-2\/5 xl:px-8\">\n                    <div class=\"text-4xl font-extrabold break-words lg:text-5xl xl:text-6xl text-shadow-md\">\n                         ROYALE BELGE BRUXELLES\n                    <\/div>\n                    <div class=\"my-12 text-xl leading-relaxed 2xl:my-20 2xl:text-3xl\">\n                        2024 Winner MIPIM Awards\n                    <\/div>\n                                                                        <a\n    class=\"border max-w-fit !no-underline text-sm font-semibold px-10 py-3 tracking-wide uppercase rounded-lg border-transparent text-white bg-primary-500 border hover:text-primary-500 hover:bg-white hover:border-primary-500 px-8\"\n\n            href=\"https:\/\/coresdevelopment.be\/fr\/award-winning-team\/\"\n    >\n    En savoir plus\n<\/a>\n                                                            <\/div>\n            \n            \n            <div x-data=\"alpineScrollDown()\">\n                <button\n                    class=\"absolute z-40 text-4xl text-white transition-transform duration-300 bg-transparent bottom-6 left-1\/2 hover:translate-y-2\"\n                    aria-label=\"Scroll down the page\"\n                    @click=\"scrollDown()\"\n                >\n                    <svg xmlns=\"http:\/\/www.w3.org\/2000\/svg\" viewBox=\"0 0 512 512\" class=\"svg-inline--fa  far fa-chevron-down\" role=\"img\" aria-hidden=\"true\" style=\"color:currentColor\"><!--! Font Awesome Pro 6.4.2 by @fontawesome - https:\/\/fontawesome.com License - https:\/\/fontawesome.com\/license (Commercial License) Copyright 2023 Fonticons, Inc. --><path d=\"M239 401c9.4 9.4 24.6 9.4 33.9 0L465 209c9.4-9.4 9.4-24.6 0-33.9s-24.6-9.4-33.9 0l-175 175L81 175c-9.4-9.4-24.6-9.4-33.9 0s-9.4 24.6 0 33.9L239 401z\" fill=\"currentColor\"><\/path><\/svg>\n                <\/button>\n            <\/div>\n\n                <\/div>\n<\/div>\n\n\n\n<h2 class=\"has-text-align-center is-style-heading-underlined wp-block-heading\">COMMERCIAL PROJECTS<\/h2>\n\n\n\n<p class=\"has-margin-small has-text-align-center\">CORES Development d\u00e9veloppe des <strong>projets immobiliers non r\u00e9sidentiels<\/strong> \u00e0 fort potentiel pour les investisseurs priv\u00e9s et institutionnels, ainsi que pour les utilisateurs finaux professionnels Ces projets commerciaux au niveau national et international comprennent des h\u00f4tels, des immeubles de bureaux, des espaces commerciaux, des propri\u00e9t\u00e9s industrielles, etc.<\/p>\n\n\n\n<h3 class=\"has-text-align-center is-style-heading-underlined wp-block-heading\" id=\"projects\">Offre<\/h3>\n\n\n<div\n    x-data=\"alpineFilterProjects({ types: [{&quot;term_id&quot;:211,&quot;name&quot;:&quot;HANDELSPAND&quot;,&quot;slug&quot;:&quot;handelspand&quot;,&quot;term_group&quot;:0,&quot;term_taxonomy_id&quot;:211,&quot;taxonomy&quot;:&quot;corporate-project-type&quot;,&quot;description&quot;:&quot;&quot;,&quot;parent&quot;:0,&quot;count&quot;:1,&quot;filter&quot;:&quot;raw&quot;,&quot;active&quot;:false},{&quot;term_id&quot;:208,&quot;name&quot;:&quot;HOTEL&quot;,&quot;slug&quot;:&quot;hotel&quot;,&quot;term_group&quot;:0,&quot;term_taxonomy_id&quot;:208,&quot;taxonomy&quot;:&quot;corporate-project-type&quot;,&quot;description&quot;:&quot;&quot;,&quot;parent&quot;:0,&quot;count&quot;:1,&quot;filter&quot;:&quot;raw&quot;,&quot;active&quot;:false},{&quot;term_id&quot;:205,&quot;name&quot;:&quot;KANTOOR&quot;,&quot;slug&quot;:&quot;kantoor&quot;,&quot;term_group&quot;:0,&quot;term_taxonomy_id&quot;:205,&quot;taxonomy&quot;:&quot;corporate-project-type&quot;,&quot;description&quot;:&quot;&quot;,&quot;parent&quot;:0,&quot;count&quot;:6,&quot;filter&quot;:&quot;raw&quot;,&quot;active&quot;:false},{&quot;term_id&quot;:210,&quot;name&quot;:&quot;KMO-UNITS&quot;,&quot;slug&quot;:&quot;kmo-units&quot;,&quot;term_group&quot;:0,&quot;term_taxonomy_id&quot;:210,&quot;taxonomy&quot;:&quot;corporate-project-type&quot;,&quot;description&quot;:&quot;&quot;,&quot;parent&quot;:0,&quot;count&quot;:8,&quot;filter&quot;:&quot;raw&quot;,&quot;active&quot;:false}], statuses: [{&quot;term_id&quot;:265,&quot;name&quot;:&quot;\\u00c0 vendre&quot;,&quot;slug&quot;:&quot;a-vendre-fr&quot;,&quot;term_group&quot;:0,&quot;term_taxonomy_id&quot;:265,&quot;taxonomy&quot;:&quot;corporate-project-status&quot;,&quot;description&quot;:&quot;&quot;,&quot;parent&quot;:0,&quot;count&quot;:2,&quot;filter&quot;:&quot;raw&quot;,&quot;active&quot;:false},{&quot;term_id&quot;:50,&quot;name&quot;:&quot;En pr\\u00e9paration&quot;,&quot;slug&quot;:&quot;en-preparation&quot;,&quot;term_group&quot;:0,&quot;term_taxonomy_id&quot;:50,&quot;taxonomy&quot;:&quot;corporate-project-status&quot;,&quot;description&quot;:&quot;&quot;,&quot;parent&quot;:0,&quot;count&quot;:2,&quot;filter&quot;:&quot;raw&quot;,&quot;active&quot;:false}], baseurl: 'https:\/\/coresdevelopment.be\/fr\/commercial\/' })\"\n    x-init=\"init()\"\n    class=\"alignfull\"\n>\n    <div x-data=\"{ open: false }\">\n        <div\n            x-show=\"open\"\n            x-transition.delay.150ms\n            data-reload-html=\"projects\"\n            class=\"flex-col lg:flex-row items-center justify-center relative bg-gray-50 p-4 md:!flex\"\n        >\n            <div class=\"pr-16 text-sm flex items-center\">\n                <div class=\"flex items-center mb-4 lg:mb-0\">\n                    <span class=\"mr-3 border border-gray-100 p-2 flex\"><svg xmlns=\"http:\/\/www.w3.org\/2000\/svg\" viewBox=\"0 0 512 512\" class=\"svg-inline--fa  fal fa-filter\" role=\"img\" aria-hidden=\"true\" style=\"color:currentColor\"><!--! Font Awesome Pro 6.4.2 by @fontawesome - https:\/\/fontawesome.com License - https:\/\/fontawesome.com\/license (Commercial License) Copyright 2023 Fonticons, Inc. --><path d=\"M0 71.5C0 49.7 17.7 32 39.5 32H472.5C494.3 32 512 49.7 512 71.5c0 9.2-3.2 18.1-9.1 25.2L320 317.8V446.1c0 18.7-15.2 33.9-33.9 33.9c-7.5 0-14.8-2.5-20.8-7.1l-61-47.4c-7.8-6.1-12.4-15.4-12.4-25.3V317.8L9.1 96.7C3.2 89.6 0 80.7 0 71.5zM39.5 64c-4.2 0-7.5 3.4-7.5 7.5c0 1.8 .6 3.4 1.7 4.8L220.3 301.8c2.4 2.9 3.7 6.5 3.7 10.2v88.2l61 47.4c.3 .3 .7 .4 1.1 .4c1 0 1.9-.8 1.9-1.9V312c0-3.7 1.3-7.3 3.7-10.2L478.3 76.3c1.1-1.3 1.7-3 1.7-4.8c0-4.2-3.4-7.5-7.5-7.5H39.5z\" fill=\"currentColor\"><\/path><\/svg>\n<\/span>\n                    <span class=\"text-xs\">FILTERS<\/span>\n                <\/div>\n                <div x-on:click.debounce=\"resetFilter()\"\n                    class=\"flex items-center cursor-pointer mb-4 lg:mb-0 hidden\">\n                    <span class=\"mr-3 border border-gray-100 p-2 flex text-error-500\"><svg xmlns=\"http:\/\/www.w3.org\/2000\/svg\" viewBox=\"0 0 384 512\" class=\"svg-inline--fa  fal fa-xmark\" role=\"img\" aria-hidden=\"true\" style=\"color:currentColor\"><!--! Font Awesome Pro 6.4.2 by @fontawesome - https:\/\/fontawesome.com License - https:\/\/fontawesome.com\/license (Commercial License) Copyright 2023 Fonticons, Inc. --><path d=\"M324.5 411.1c6.2 6.2 16.4 6.2 22.6 0s6.2-16.4 0-22.6L214.6 256 347.1 123.5c6.2-6.2 6.2-16.4 0-22.6s-16.4-6.2-22.6 0L192 233.4 59.5 100.9c-6.2-6.2-16.4-6.2-22.6 0s-6.2 16.4 0 22.6L169.4 256 36.9 388.5c-6.2 6.2-6.2 16.4 0 22.6s16.4 6.2 22.6 0L192 278.6 324.5 411.1z\" fill=\"currentColor\"><\/path><\/svg>\n<\/span>\n                    <span class=\"text-xs text-error-500 break-words\">SELECTIE WISSEN<\/span>\n                <\/div>\n            <\/div>\n\n            <div @click=\"open = ! open\"\n                 class=\"absolute top-4 right-0 text-primary-500 cursor-pointer md:hidden\">\n                <span class=\"mr-3 border border-gray-100 p-2 flex\"><svg xmlns=\"http:\/\/www.w3.org\/2000\/svg\" viewBox=\"0 0 384 512\" class=\"svg-inline--fa  fal fa-xmark\" role=\"img\" aria-hidden=\"true\" style=\"color:currentColor\"><!--! Font Awesome Pro 6.4.2 by @fontawesome - https:\/\/fontawesome.com License - https:\/\/fontawesome.com\/license (Commercial License) Copyright 2023 Fonticons, Inc. --><path d=\"M324.5 411.1c6.2 6.2 16.4 6.2 22.6 0s6.2-16.4 0-22.6L214.6 256 347.1 123.5c6.2-6.2 6.2-16.4 0-22.6s-16.4-6.2-22.6 0L192 233.4 59.5 100.9c-6.2-6.2-16.4-6.2-22.6 0s-6.2 16.4 0 22.6L169.4 256 36.9 388.5c-6.2 6.2-6.2 16.4 0 22.6s16.4 6.2 22.6 0L192 278.6 324.5 411.1z\" fill=\"currentColor\"><\/path><\/svg>\n<\/span>\n            <\/div>\n            <section class=\"projects--filter\">\n    <div class=\"flex flex-col md:flex-row items-center space-y-8 md:space-y-0 md:space-x-4\">\n                    <div class=\"w-full flex justify-center\" >\n    <div\n        class=\"h-full w-full\"\n        x-ref=\"filterstatus\"\n    >\n        <span class=\"text-xs text-gray-400 italic lg:hidden\">status<\/span>\n        <ul\n            class=\"list-none flex flex-wrap lg:flex-nowrap space-y-3 lg:space-y-0\"\n            x-cloak\n        >\n                                                                        <li\n                            x-on:click.debounce=\"toggleItem('status', '265')\"\n                            class=\"w-full flex flex-wrap border border-gray-100 lg:border-l-0 bg-gray-25 hover:bg-white cursor-pointer relative lg:border-l\">\n                            <input class=\"appearance-none\" type=\"checkbox\" name=\"a-vendre-fr\" id=\"a-vendre-fr-status\" value=\"265\" data-taxonomy=\"status\"  \/>\n                            <label class=\"text-xs whitespace-nowrap cursor-pointer uppercase font-bold text-gray-200 relative p-6\"\n                                   for=\"a-vendre-fr-status\">\u00c0 vendre\n                            <\/label>\n                            <div class=\"block absolute -bottom-3 inset-x-0 text-center\">\n                                <p class=\"text-xs !text-white bg-gray-200 rounded-full p-1 w-6 h-6 mx-auto flex items-center justify-center hidden\">\n                                    <svg xmlns=\"http:\/\/www.w3.org\/2000\/svg\" viewBox=\"0 0 448 512\" class=\"svg-inline--fa  fas fa-check\" role=\"img\" aria-hidden=\"true\" style=\"color:currentColor\"><!--! Font Awesome Pro 6.4.2 by @fontawesome - https:\/\/fontawesome.com License - https:\/\/fontawesome.com\/license (Commercial License) Copyright 2023 Fonticons, Inc. --><path d=\"M438.6 105.4c12.5 12.5 12.5 32.8 0 45.3l-256 256c-12.5 12.5-32.8 12.5-45.3 0l-128-128c-12.5-12.5-12.5-32.8 0-45.3s32.8-12.5 45.3 0L160 338.7 393.4 105.4c12.5-12.5 32.8-12.5 45.3 0z\" fill=\"currentColor\"><\/path><\/svg>\n                                <\/p>\n                            <\/div>\n                        <\/li>\n                                                                                <li\n                            x-on:click.debounce=\"toggleItem('status', '50')\"\n                            class=\"w-full flex flex-wrap border border-gray-100 lg:border-l-0 bg-gray-25 hover:bg-white cursor-pointer relative\">\n                            <input class=\"appearance-none\" type=\"checkbox\" name=\"en-preparation\" id=\"en-preparation-status\" value=\"50\" data-taxonomy=\"status\"  \/>\n                            <label class=\"text-xs whitespace-nowrap cursor-pointer uppercase font-bold text-gray-200 relative p-6\"\n                                   for=\"en-preparation-status\">En pr\u00e9paration\n                            <\/label>\n                            <div class=\"block absolute -bottom-3 inset-x-0 text-center\">\n                                <p class=\"text-xs !text-white bg-gray-200 rounded-full p-1 w-6 h-6 mx-auto flex items-center justify-center hidden\">\n                                    <svg xmlns=\"http:\/\/www.w3.org\/2000\/svg\" viewBox=\"0 0 448 512\" class=\"svg-inline--fa  fas fa-check\" role=\"img\" aria-hidden=\"true\" style=\"color:currentColor\"><!--! Font Awesome Pro 6.4.2 by @fontawesome - https:\/\/fontawesome.com License - https:\/\/fontawesome.com\/license (Commercial License) Copyright 2023 Fonticons, Inc. --><path d=\"M438.6 105.4c12.5 12.5 12.5 32.8 0 45.3l-256 256c-12.5 12.5-32.8 12.5-45.3 0l-128-128c-12.5-12.5-12.5-32.8 0-45.3s32.8-12.5 45.3 0L160 338.7 393.4 105.4c12.5-12.5 32.8-12.5 45.3 0z\" fill=\"currentColor\"><\/path><\/svg>\n                                <\/p>\n                            <\/div>\n                        <\/li>\n                                                        <\/ul>\n    <\/div>\n<\/div>\n        \n                    <div class=\"w-full flex justify-center\" >\n    <div\n        class=\"h-full w-full\"\n        x-ref=\"filtertype\"\n    >\n        <span class=\"text-xs text-gray-400 italic lg:hidden\">type<\/span>\n        <ul\n            class=\"list-none flex flex-wrap lg:flex-nowrap space-y-3 lg:space-y-0\"\n            x-cloak\n        >\n                                                                        <li\n                            x-on:click.debounce=\"toggleItem('type', '211')\"\n                            class=\"w-full flex flex-wrap border border-gray-100 lg:border-l-0 bg-gray-25 hover:bg-white cursor-pointer relative lg:border-l\">\n                            <input class=\"appearance-none\" type=\"checkbox\" name=\"handelspand\" id=\"handelspand-type\" value=\"211\" data-taxonomy=\"type\"  \/>\n                            <label class=\"text-xs whitespace-nowrap cursor-pointer uppercase font-bold text-gray-200 relative p-6\"\n                                   for=\"handelspand-type\">HANDELSPAND\n                            <\/label>\n                            <div class=\"block absolute -bottom-3 inset-x-0 text-center\">\n                                <p class=\"text-xs !text-white bg-gray-200 rounded-full p-1 w-6 h-6 mx-auto flex items-center justify-center hidden\">\n                                    <svg xmlns=\"http:\/\/www.w3.org\/2000\/svg\" viewBox=\"0 0 448 512\" class=\"svg-inline--fa  fas fa-check\" role=\"img\" aria-hidden=\"true\" style=\"color:currentColor\"><!--! Font Awesome Pro 6.4.2 by @fontawesome - https:\/\/fontawesome.com License - https:\/\/fontawesome.com\/license (Commercial License) Copyright 2023 Fonticons, Inc. --><path d=\"M438.6 105.4c12.5 12.5 12.5 32.8 0 45.3l-256 256c-12.5 12.5-32.8 12.5-45.3 0l-128-128c-12.5-12.5-12.5-32.8 0-45.3s32.8-12.5 45.3 0L160 338.7 393.4 105.4c12.5-12.5 32.8-12.5 45.3 0z\" fill=\"currentColor\"><\/path><\/svg>\n                                <\/p>\n                            <\/div>\n                        <\/li>\n                                                                                <li\n                            x-on:click.debounce=\"toggleItem('type', '208')\"\n                            class=\"w-full flex flex-wrap border border-gray-100 lg:border-l-0 bg-gray-25 hover:bg-white cursor-pointer relative\">\n                            <input class=\"appearance-none\" type=\"checkbox\" name=\"hotel\" id=\"hotel-type\" value=\"208\" data-taxonomy=\"type\"  \/>\n                            <label class=\"text-xs whitespace-nowrap cursor-pointer uppercase font-bold text-gray-200 relative p-6\"\n                                   for=\"hotel-type\">HOTEL\n                            <\/label>\n                            <div class=\"block absolute -bottom-3 inset-x-0 text-center\">\n                                <p class=\"text-xs !text-white bg-gray-200 rounded-full p-1 w-6 h-6 mx-auto flex items-center justify-center hidden\">\n                                    <svg xmlns=\"http:\/\/www.w3.org\/2000\/svg\" viewBox=\"0 0 448 512\" class=\"svg-inline--fa  fas fa-check\" role=\"img\" aria-hidden=\"true\" style=\"color:currentColor\"><!--! Font Awesome Pro 6.4.2 by @fontawesome - https:\/\/fontawesome.com License - https:\/\/fontawesome.com\/license (Commercial License) Copyright 2023 Fonticons, Inc. --><path d=\"M438.6 105.4c12.5 12.5 12.5 32.8 0 45.3l-256 256c-12.5 12.5-32.8 12.5-45.3 0l-128-128c-12.5-12.5-12.5-32.8 0-45.3s32.8-12.5 45.3 0L160 338.7 393.4 105.4c12.5-12.5 32.8-12.5 45.3 0z\" fill=\"currentColor\"><\/path><\/svg>\n                                <\/p>\n                            <\/div>\n                        <\/li>\n                                                                                <li\n                            x-on:click.debounce=\"toggleItem('type', '205')\"\n                            class=\"w-full flex flex-wrap border border-gray-100 lg:border-l-0 bg-gray-25 hover:bg-white cursor-pointer relative\">\n                            <input class=\"appearance-none\" type=\"checkbox\" name=\"kantoor\" id=\"kantoor-type\" value=\"205\" data-taxonomy=\"type\"  \/>\n                            <label class=\"text-xs whitespace-nowrap cursor-pointer uppercase font-bold text-gray-200 relative p-6\"\n                                   for=\"kantoor-type\">KANTOOR\n                            <\/label>\n                            <div class=\"block absolute -bottom-3 inset-x-0 text-center\">\n                                <p class=\"text-xs !text-white bg-gray-200 rounded-full p-1 w-6 h-6 mx-auto flex items-center justify-center hidden\">\n                                    <svg xmlns=\"http:\/\/www.w3.org\/2000\/svg\" viewBox=\"0 0 448 512\" class=\"svg-inline--fa  fas fa-check\" role=\"img\" aria-hidden=\"true\" style=\"color:currentColor\"><!--! Font Awesome Pro 6.4.2 by @fontawesome - https:\/\/fontawesome.com License - https:\/\/fontawesome.com\/license (Commercial License) Copyright 2023 Fonticons, Inc. --><path d=\"M438.6 105.4c12.5 12.5 12.5 32.8 0 45.3l-256 256c-12.5 12.5-32.8 12.5-45.3 0l-128-128c-12.5-12.5-12.5-32.8 0-45.3s32.8-12.5 45.3 0L160 338.7 393.4 105.4c12.5-12.5 32.8-12.5 45.3 0z\" fill=\"currentColor\"><\/path><\/svg>\n                                <\/p>\n                            <\/div>\n                        <\/li>\n                                                                                <li\n                            x-on:click.debounce=\"toggleItem('type', '210')\"\n                            class=\"w-full flex flex-wrap border border-gray-100 lg:border-l-0 bg-gray-25 hover:bg-white cursor-pointer relative\">\n                            <input class=\"appearance-none\" type=\"checkbox\" name=\"kmo-units\" id=\"kmo-units-type\" value=\"210\" data-taxonomy=\"type\"  \/>\n                            <label class=\"text-xs whitespace-nowrap cursor-pointer uppercase font-bold text-gray-200 relative p-6\"\n                                   for=\"kmo-units-type\">KMO-UNITS\n                            <\/label>\n                            <div class=\"block absolute -bottom-3 inset-x-0 text-center\">\n                                <p class=\"text-xs !text-white bg-gray-200 rounded-full p-1 w-6 h-6 mx-auto flex items-center justify-center hidden\">\n                                    <svg xmlns=\"http:\/\/www.w3.org\/2000\/svg\" viewBox=\"0 0 448 512\" class=\"svg-inline--fa  fas fa-check\" role=\"img\" aria-hidden=\"true\" style=\"color:currentColor\"><!--! Font Awesome Pro 6.4.2 by @fontawesome - https:\/\/fontawesome.com License - https:\/\/fontawesome.com\/license (Commercial License) Copyright 2023 Fonticons, Inc. --><path d=\"M438.6 105.4c12.5 12.5 12.5 32.8 0 45.3l-256 256c-12.5 12.5-32.8 12.5-45.3 0l-128-128c-12.5-12.5-12.5-32.8 0-45.3s32.8-12.5 45.3 0L160 338.7 393.4 105.4c12.5-12.5 32.8-12.5 45.3 0z\" fill=\"currentColor\"><\/path><\/svg>\n                                <\/p>\n                            <\/div>\n                        <\/li>\n                                                        <\/ul>\n    <\/div>\n<\/div>\n            <\/div>\n<\/section>\n        <\/div>\n        <div x-show=\"!open\"\n     x-transition.delay.150ms\n     class=\"text-white w-full flex justify-end md:hidden cursor-pointer right-8 absolute -translate-y-8\"\n>\n    <button\n        @click=\"open = ! open\"\n        class=\"bg-primary-500 p-2 text-right\"\n    >\n        <span class=\"\"><svg xmlns=\"http:\/\/www.w3.org\/2000\/svg\" viewBox=\"0 0 448 512\" class=\"svg-inline--fa  fas fa-bars\" role=\"img\" aria-hidden=\"true\" style=\"color:currentColor\"><!--! Font Awesome Pro 6.4.2 by @fontawesome - https:\/\/fontawesome.com License - https:\/\/fontawesome.com\/license (Commercial License) Copyright 2023 Fonticons, Inc. --><path d=\"M0 96C0 78.3 14.3 64 32 64H416c17.7 0 32 14.3 32 32s-14.3 32-32 32H32C14.3 128 0 113.7 0 96zM0 256c0-17.7 14.3-32 32-32H416c17.7 0 32 14.3 32 32s-14.3 32-32 32H32c-17.7 0-32-14.3-32-32zM448 416c0 17.7-14.3 32-32 32H32c-17.7 0-32-14.3-32-32s14.3-32 32-32H416c17.7 0 32 14.3 32 32z\" fill=\"currentColor\"><\/path><\/svg>\n<\/span>\n        <span class=\"\">FILTERS<\/span>\n    <\/button>\n<\/div>\n    <\/div>\n<\/div>\n<div class=\"container alignwide my-16\">\n        <div x-ref=\"filterProjects\"\n         class=\"grid grid-cols-1 md:grid-cols-2 lg:grid-cols-3 gap-8\">\n                    <a\n                href=\"https:\/\/coresdevelopment.be\/fr\/commercial\/projects\/uitbreidingsstraat\/\"\n                class=\"border border-gray-100 hover:border-primary-500 transition delay-50 no-underline\"\n                            >\n                <div class=\"flex flex-col sm:flex-row h-full sm:h-56 md:h-60\">\n                    <div class=\"sm:w-1\/2 h-40 sm:h-auto\">\n                        <img decoding=\"async\"\n    src=\"https:\/\/coresdevelopment.be\/uploads\/2022\/09\/CORES-Uitbreidingstraat-Berchem-Kantoren.jpg\" alt=\"\" srcset=\"https:\/\/coresdevelopment.be\/uploads\/2022\/09\/CORES-Uitbreidingstraat-Berchem-Kantoren-300x192.jpg 300w, https:\/\/coresdevelopment.be\/uploads\/2022\/09\/CORES-Uitbreidingstraat-Berchem-Kantoren.jpg 720w\" width=\"720\" height=\"460\" loading=\"lazy\" class=\"object-cover !h-full\"\n>\n                    <\/div>\n                    <div class=\"sm:w-1\/2 bg-gray-50 flex flex-col p-4\">\n                        <div class=\"mb-auto\">\n                                                            <div class=\"italic text-gray-400 text-sm mb-2\">\n                                    En pr\u00e9paration\n                                <\/div>\n                                                                                        <div class=\"font-bold mb-2 sm:mb-4 text-gray-900\">\n                                    Uitbreidingstraat\n                                <\/div>\n                                                                                        <div class=\"mb-2 sm:mb-12 break-all text-gray-900\">\n                                    <span class=\"mx-1 text-lg\"><svg xmlns=\"http:\/\/www.w3.org\/2000\/svg\" viewBox=\"0 0 384 512\" class=\"svg-inline--fa  fal fa-location-dot\" role=\"img\" aria-hidden=\"true\" style=\"color:currentColor\"><!--! Font Awesome Pro 6.4.2 by @fontawesome - https:\/\/fontawesome.com License - https:\/\/fontawesome.com\/license (Commercial License) Copyright 2023 Fonticons, Inc. --><path d=\"M352 192c0-88.4-71.6-160-160-160S32 103.6 32 192c0 15.6 5.4 37 16.6 63.4c10.9 25.9 26.2 54 43.6 82.1c34.1 55.3 74.4 108.2 99.9 140c25.4-31.8 65.8-84.7 99.9-140c17.3-28.1 32.7-56.3 43.6-82.1C346.6 229 352 207.6 352 192zm32 0c0 87.4-117 243-168.3 307.2c-12.3 15.3-35.1 15.3-47.4 0C117 435 0 279.4 0 192C0 86 86 0 192 0S384 86 384 192zm-240 0a48 48 0 1 0 96 0 48 48 0 1 0 -96 0zm48 80a80 80 0 1 1 0-160 80 80 0 1 1 0 160z\" fill=\"currentColor\"><\/path><\/svg>\n<\/span>\n                                    Berchem\n                                <\/div>\n                                                    <\/div>\n                        <div class=\"\">\n                            <span class=\"text-primary-500 hover:underline p-2 transition delay-50 tracking-wide text-sm font-semibold\">\n                                &gt; Voir le projet\n                            <\/span>\n                        <\/div>\n                    <\/div>\n                <\/div>\n            <\/a>\n                    <a\n                href=\"https:\/\/coresdevelopment.be\/fr\/commercial\/projects\/jardin-g\/\"\n                class=\"border border-gray-100 hover:border-primary-500 transition delay-50 no-underline\"\n                            >\n                <div class=\"flex flex-col sm:flex-row h-full sm:h-56 md:h-60\">\n                    <div class=\"sm:w-1\/2 h-40 sm:h-auto\">\n                        <img decoding=\"async\"\n    src=\"https:\/\/coresdevelopment.be\/uploads\/2022\/08\/AM_Cores_JardinG_Cam_03_final_01-Groot-1024x640.jpg\" alt=\"\" srcset=\"https:\/\/coresdevelopment.be\/uploads\/2022\/08\/AM_Cores_JardinG_Cam_03_final_01-Groot-300x188.jpg 300w, https:\/\/coresdevelopment.be\/uploads\/2022\/08\/AM_Cores_JardinG_Cam_03_final_01-Groot-1024x640.jpg 1024w, https:\/\/coresdevelopment.be\/uploads\/2022\/08\/AM_Cores_JardinG_Cam_03_final_01-Groot-768x480.jpg 768w, https:\/\/coresdevelopment.be\/uploads\/2022\/08\/AM_Cores_JardinG_Cam_03_final_01-Groot-1536x960.jpg 1536w, https:\/\/coresdevelopment.be\/uploads\/2022\/08\/AM_Cores_JardinG_Cam_03_final_01-Groot.jpg 1728w\" width=\"1024\" height=\"640\" loading=\"lazy\" class=\"object-cover !h-full\"\n>\n                    <\/div>\n                    <div class=\"sm:w-1\/2 bg-gray-50 flex flex-col p-4\">\n                        <div class=\"mb-auto\">\n                                                            <div class=\"italic text-gray-400 text-sm mb-2\">\n                                    \u00c0 vendre\n                                <\/div>\n                                                                                        <div class=\"font-bold mb-2 sm:mb-4 text-gray-900\">\n                                    Jardin G.\n                                <\/div>\n                                                                                        <div class=\"mb-2 sm:mb-12 break-all text-gray-900\">\n                                    <span class=\"mx-1 text-lg\"><svg xmlns=\"http:\/\/www.w3.org\/2000\/svg\" viewBox=\"0 0 384 512\" class=\"svg-inline--fa  fal fa-location-dot\" role=\"img\" aria-hidden=\"true\" style=\"color:currentColor\"><!--! Font Awesome Pro 6.4.2 by @fontawesome - https:\/\/fontawesome.com License - https:\/\/fontawesome.com\/license (Commercial License) Copyright 2023 Fonticons, Inc. --><path d=\"M352 192c0-88.4-71.6-160-160-160S32 103.6 32 192c0 15.6 5.4 37 16.6 63.4c10.9 25.9 26.2 54 43.6 82.1c34.1 55.3 74.4 108.2 99.9 140c25.4-31.8 65.8-84.7 99.9-140c17.3-28.1 32.7-56.3 43.6-82.1C346.6 229 352 207.6 352 192zm32 0c0 87.4-117 243-168.3 307.2c-12.3 15.3-35.1 15.3-47.4 0C117 435 0 279.4 0 192C0 86 86 0 192 0S384 86 384 192zm-240 0a48 48 0 1 0 96 0 48 48 0 1 0 -96 0zm48 80a80 80 0 1 1 0-160 80 80 0 1 1 0 160z\" fill=\"currentColor\"><\/path><\/svg>\n<\/span>\n                                    Gand\n                                <\/div>\n                                                    <\/div>\n                        <div class=\"\">\n                            <span class=\"text-primary-500 hover:underline p-2 transition delay-50 tracking-wide text-sm font-semibold\">\n                                &gt; Voir le projet\n                            <\/span>\n                        <\/div>\n                    <\/div>\n                <\/div>\n            <\/a>\n                    <a\n                href=\"https:\/\/coresdevelopment.be\/fr\/commercial\/projects\/bayot\/\"\n                class=\"border border-gray-100 hover:border-primary-500 transition delay-50 no-underline\"\n                            >\n                <div class=\"flex flex-col sm:flex-row h-full sm:h-56 md:h-60\">\n                    <div class=\"sm:w-1\/2 h-40 sm:h-auto\">\n                        <img decoding=\"async\"\n    src=\"https:\/\/coresdevelopment.be\/uploads\/2023\/10\/Bayot.jpg\" alt=\"\" srcset=\"https:\/\/coresdevelopment.be\/uploads\/2023\/10\/Bayot-300x192.jpg 300w, https:\/\/coresdevelopment.be\/uploads\/2023\/10\/Bayot.jpg 720w\" width=\"720\" height=\"460\" loading=\"lazy\" class=\"object-cover !h-full\"\n>\n                    <\/div>\n                    <div class=\"sm:w-1\/2 bg-gray-50 flex flex-col p-4\">\n                        <div class=\"mb-auto\">\n                                                            <div class=\"italic text-gray-400 text-sm mb-2\">\n                                    \u00c0 vendre\n                                <\/div>\n                                                                                        <div class=\"font-bold mb-2 sm:mb-4 text-gray-900\">\n                                    Bayot\n                                <\/div>\n                                                                                        <div class=\"mb-2 sm:mb-12 break-all text-gray-900\">\n                                    <span class=\"mx-1 text-lg\"><svg xmlns=\"http:\/\/www.w3.org\/2000\/svg\" viewBox=\"0 0 384 512\" class=\"svg-inline--fa  fal fa-location-dot\" role=\"img\" aria-hidden=\"true\" style=\"color:currentColor\"><!--! Font Awesome Pro 6.4.2 by @fontawesome - https:\/\/fontawesome.com License - https:\/\/fontawesome.com\/license (Commercial License) Copyright 2023 Fonticons, Inc. --><path d=\"M352 192c0-88.4-71.6-160-160-160S32 103.6 32 192c0 15.6 5.4 37 16.6 63.4c10.9 25.9 26.2 54 43.6 82.1c34.1 55.3 74.4 108.2 99.9 140c25.4-31.8 65.8-84.7 99.9-140c17.3-28.1 32.7-56.3 43.6-82.1C346.6 229 352 207.6 352 192zm32 0c0 87.4-117 243-168.3 307.2c-12.3 15.3-35.1 15.3-47.4 0C117 435 0 279.4 0 192C0 86 86 0 192 0S384 86 384 192zm-240 0a48 48 0 1 0 96 0 48 48 0 1 0 -96 0zm48 80a80 80 0 1 1 0-160 80 80 0 1 1 0 160z\" fill=\"currentColor\"><\/path><\/svg>\n<\/span>\n                                    Kasterlee\n                                <\/div>\n                                                    <\/div>\n                        <div class=\"\">\n                            <span class=\"text-primary-500 hover:underline p-2 transition delay-50 tracking-wide text-sm font-semibold\">\n                                &gt; Voir le projet\n                            <\/span>\n                        <\/div>\n                    <\/div>\n                <\/div>\n            <\/a>\n                    <a\n                href=\"https:\/\/coresdevelopment.be\/fr\/commercial\/projects\/square-42\/\"\n                class=\"border border-gray-100 hover:border-primary-500 transition delay-50 no-underline\"\n                            >\n                <div class=\"flex flex-col sm:flex-row h-full sm:h-56 md:h-60\">\n                    <div class=\"sm:w-1\/2 h-40 sm:h-auto\">\n                        <img decoding=\"async\"\n    src=\"https:\/\/coresdevelopment.be\/uploads\/2023\/06\/Square42-CORES-Development.jpg\" alt=\"Square 42\" srcset=\"https:\/\/coresdevelopment.be\/uploads\/2023\/06\/Square42-CORES-Development-300x192.jpg 300w, https:\/\/coresdevelopment.be\/uploads\/2023\/06\/Square42-CORES-Development.jpg 720w\" width=\"720\" height=\"460\" loading=\"lazy\" class=\"object-cover !h-full\"\n>\n                    <\/div>\n                    <div class=\"sm:w-1\/2 bg-gray-50 flex flex-col p-4\">\n                        <div class=\"mb-auto\">\n                                                            <div class=\"italic text-gray-400 text-sm mb-2\">\n                                    En pr\u00e9paration\n                                <\/div>\n                                                                                        <div class=\"font-bold mb-2 sm:mb-4 text-gray-900\">\n                                    Square 42\n                                <\/div>\n                                                                                        <div class=\"mb-2 sm:mb-12 break-all text-gray-900\">\n                                    <span class=\"mx-1 text-lg\"><svg xmlns=\"http:\/\/www.w3.org\/2000\/svg\" viewBox=\"0 0 384 512\" class=\"svg-inline--fa  fal fa-location-dot\" role=\"img\" aria-hidden=\"true\" style=\"color:currentColor\"><!--! Font Awesome Pro 6.4.2 by @fontawesome - https:\/\/fontawesome.com License - https:\/\/fontawesome.com\/license (Commercial License) Copyright 2023 Fonticons, Inc. --><path d=\"M352 192c0-88.4-71.6-160-160-160S32 103.6 32 192c0 15.6 5.4 37 16.6 63.4c10.9 25.9 26.2 54 43.6 82.1c34.1 55.3 74.4 108.2 99.9 140c25.4-31.8 65.8-84.7 99.9-140c17.3-28.1 32.7-56.3 43.6-82.1C346.6 229 352 207.6 352 192zm32 0c0 87.4-117 243-168.3 307.2c-12.3 15.3-35.1 15.3-47.4 0C117 435 0 279.4 0 192C0 86 86 0 192 0S384 86 384 192zm-240 0a48 48 0 1 0 96 0 48 48 0 1 0 -96 0zm48 80a80 80 0 1 1 0-160 80 80 0 1 1 0 160z\" fill=\"currentColor\"><\/path><\/svg>\n<\/span>\n                                    Grand-Duch\u00e9 de Luxembourg\n                                <\/div>\n                                                    <\/div>\n                        <div class=\"\">\n                            <span class=\"text-primary-500 hover:underline p-2 transition delay-50 tracking-wide text-sm font-semibold\">\n                                &gt; Voir le projet\n                            <\/span>\n                        <\/div>\n                    <\/div>\n                <\/div>\n            <\/a>\n            <\/div>\n<\/div>\n<div class=\"text-center\">\n    <div>\n        \n    <\/div>\n<\/div>\n\n\n\n<div class=\"wp-block-buttons alignwide is-content-justification-center is-layout-flex wp-container-core-buttons-is-layout-1 wp-block-buttons-is-layout-flex\">\n<div class=\"wp-block-button\"><a class=\"wp-block-button__link has-primary-500-background-color has-background wp-element-button\" href=\"https:\/\/coresdevelopment.be\/fr\/corporate\/references\/\" style=\"border-radius:0px\">VOIR nos references<\/a><\/div>\n<\/div>\n\n\n<div class=\"wp-blocks-block  alignwide\">\n        <a href=\"https:\/\/coresdevelopment.be\/fr\/magazines\/cores-urban-happiness-magazine-2023-no-04\/\" class=\"flex flex-col-reverse lg:flex-row w-full group hover:shadow-lg !no-underline\">\n            <div class=\"w-full lg:w-2\/5 flex justify-center lg:justify-end p-8 lg:p-16\">\n                                    <img decoding=\"async\"\n    src=\"https:\/\/coresdevelopment.be\/uploads\/2023\/07\/CORES-Urban-Happiness-Magazine-2023-NO.-04_Pagina_01-798x1024.jpg\" alt=\"Lees het CORES Urban Magazine online\" srcset=\"https:\/\/coresdevelopment.be\/uploads\/2023\/07\/CORES-Urban-Happiness-Magazine-2023-NO.-04_Pagina_01-234x300.jpg 234w, https:\/\/coresdevelopment.be\/uploads\/2023\/07\/CORES-Urban-Happiness-Magazine-2023-NO.-04_Pagina_01-798x1024.jpg 798w, https:\/\/coresdevelopment.be\/uploads\/2023\/07\/CORES-Urban-Happiness-Magazine-2023-NO.-04_Pagina_01-768x985.jpg 768w, https:\/\/coresdevelopment.be\/uploads\/2023\/07\/CORES-Urban-Happiness-Magazine-2023-NO.-04_Pagina_01.jpg 906w\" loading=\"lazy\" class=\"!h-60 lg:!h-40 -rotate-12 shadow-lg group-hover:rotate-0 duration-300\"\n>\n                            <\/div>\n            <div class=\"p-10 w-full lg:3\/5 pr-16\">\n                <div class=\"uppercase tracking-widest mb-4\">\n                    <span class=\"text-gray-300 text-xs\">\n                        Cores\n                     <\/span>\n                    <span class=\"text-primary-500 text-xs font-semibold\">\n                        Magazine\n                    <\/span>\n                <\/div>\n                                    <div class=\"text-4xl !text-gray-400 uppercase font-light leading-relaxed\">\n                        CORES URBAN HAPPINESS MAGAZINE 2023 &#8211; NO.04\n                    <\/div>\n                                <div class=\"h-1 bg-primary-500 w-32 mt-4 -left-3 relative\">\n                <\/div>\n                                    <div class=\"text-gray-300 text-sm pt-8 pb-3\">\n                        <p>Dans cette \u00e9dition :<br \/>\nAvant-propos : L&#8217;habitat en tant que service \u2013 Malines : Une ville historique en mouvement \u2013 Le confort d&#8217;une vie num\u00e9rique : De services de conciergerie \u00e0 la mobilit\u00e9 partag\u00e9e \u2013 De Tuilerie : Premier quartier sans gaz \u00e0 Diest \u2013\u00a0Des abeilles dans la ville : L&#8217;existence des abeilles est menac\u00e9e \u2013 Meliflora : Vivre \u00e0 Beveren, ville respectueuse de la nature \u2013 Lionel Jadot : Un int\u00e9rieur de collection pour l&#8221;h\u00f4tel Souverain 25 \u2013 Initiative urbaine Nobel : Chez le coiffeur en v\u00e9lotaxi \u2013 Homo diginaturalis : \u00c0 la fronti\u00e8re d&#8217;une ville naturelle et num\u00e9rique \u2013 Sites incontournables sous le signe de l&#8217;harmonie \u2013 Quand l&#8217;habitat rime avec sagesse : La portabilit\u00e9 des droits d&#8217;enregistrement et limit\u00e9e dans le temps \u2013 Shopping : Tons sombres, id\u00e9es claires, etc.<\/p>\n\n                    <\/div>\n                                <div class=\"mt-4\">\n                                            <div class=\"uppercase text-primary-500 hover:text-white hover:bg-primary-500 -ml-4 p-2 transition delay-50 tracking-widest text-sm font-semibold w-max\">\n                            &plus; Bekijk ons magazine\n                        <\/div>\n                                    <\/div>\n            <\/div>\n        <\/a>\n    <\/div>\n","protected":false},"excerpt":{"rendered":"<p>COMMERCIAL PROJECTS CORES Development d\u00e9veloppe des projets immobiliers non r\u00e9sidentiels \u00e0 fort potentiel pour les investisseurs priv\u00e9s et institutionnels, ainsi que pour les utilisateurs finaux professionnels Ces projets commerciaux au niveau national et international comprennent des h\u00f4tels, des immeubles de bureaux, des espaces commerciaux, des propri\u00e9t\u00e9s industrielles, etc. Offre<\/p>\n","protected":false},"author":1,"featured_media":0,"parent":0,"menu_order":0,"comment_status":"closed","ping_status":"closed","template":"","meta":{"_acf_changed":false,"footnotes":""},"class_list":["post-780","page","type-page","status-publish","hentry"],"acf":[],"yoast_head":"<!-- This site is optimized with the Yoast SEO plugin v24.9 - https:\/\/yoast.com\/wordpress\/plugins\/seo\/ -->\n<title>Commercial - Cores Development<\/title>\n<meta name=\"robots\" content=\"index, follow, max-snippet:-1, max-image-preview:large, max-video-preview:-1\" \/>\n<link rel=\"canonical\" href=\"https:\/\/coresdevelopment.be\/fr\/commercial\/\" \/>\n<meta property=\"og:locale\" content=\"fr_FR\" \/>\n<meta property=\"og:type\" content=\"article\" \/>\n<meta property=\"og:title\" content=\"Commercial - Cores Development\" \/>\n<meta property=\"og:description\" content=\"COMMERCIAL PROJECTS CORES Development d\u00e9veloppe des projets immobiliers non r\u00e9sidentiels \u00e0 fort potentiel pour les investisseurs priv\u00e9s et institutionnels, ainsi que pour les utilisateurs finaux professionnels Ces projets commerciaux au niveau national et international comprennent des h\u00f4tels, des immeubles de bureaux, des espaces commerciaux, des propri\u00e9t\u00e9s industrielles, etc. Offre\" \/>\n<meta property=\"og:url\" content=\"https:\/\/coresdevelopment.be\/fr\/commercial\/\" \/>\n<meta property=\"og:site_name\" content=\"Cores Development\" \/>\n<meta property=\"article:modified_time\" content=\"2024-03-20T10:42:29+00:00\" \/>\n<meta name=\"twitter:card\" content=\"summary_large_image\" \/>\n<meta name=\"twitter:label1\" content=\"Est. reading time\" \/>\n\t<meta name=\"twitter:data1\" content=\"1 minute\" \/>\n<script type=\"application\/ld+json\" class=\"yoast-schema-graph\">{\"@context\":\"https:\/\/schema.org\",\"@graph\":[{\"@type\":\"WebPage\",\"@id\":\"https:\/\/coresdevelopment.be\/fr\/commercial\/\",\"url\":\"https:\/\/coresdevelopment.be\/fr\/commercial\/\",\"name\":\"Commercial - Cores Development\",\"isPartOf\":{\"@id\":\"https:\/\/coresdevelopment.be\/#website\"},\"datePublished\":\"2022-07-19T13:34:30+00:00\",\"dateModified\":\"2024-03-20T10:42:29+00:00\",\"breadcrumb\":{\"@id\":\"https:\/\/coresdevelopment.be\/fr\/commercial\/#breadcrumb\"},\"inLanguage\":\"fr-FR\",\"potentialAction\":[{\"@type\":\"ReadAction\",\"target\":[\"https:\/\/coresdevelopment.be\/fr\/commercial\/\"]}]},{\"@type\":\"BreadcrumbList\",\"@id\":\"https:\/\/coresdevelopment.be\/fr\/commercial\/#breadcrumb\",\"itemListElement\":[{\"@type\":\"ListItem\",\"position\":1,\"name\":\"Home\",\"item\":\"https:\/\/coresdevelopment.be\/fr\/\"},{\"@type\":\"ListItem\",\"position\":2,\"name\":\"Commercial\"}]},{\"@type\":\"WebSite\",\"@id\":\"https:\/\/coresdevelopment.be\/#website\",\"url\":\"https:\/\/coresdevelopment.be\/\",\"name\":\"Cores Development\",\"description\":\"En nog een WordPress site\",\"potentialAction\":[{\"@type\":\"SearchAction\",\"target\":{\"@type\":\"EntryPoint\",\"urlTemplate\":\"https:\/\/coresdevelopment.be\/?s={search_term_string}\"},\"query-input\":{\"@type\":\"PropertyValueSpecification\",\"valueRequired\":true,\"valueName\":\"search_term_string\"}}],\"inLanguage\":\"fr-FR\"}]}<\/script>\n<!-- \/ Yoast SEO plugin. -->","yoast_head_json":{"title":"Commercial - Cores Development","robots":{"index":"index","follow":"follow","max-snippet":"max-snippet:-1","max-image-preview":"max-image-preview:large","max-video-preview":"max-video-preview:-1"},"canonical":"https:\/\/coresdevelopment.be\/fr\/commercial\/","og_locale":"fr_FR","og_type":"article","og_title":"Commercial - Cores Development","og_description":"COMMERCIAL PROJECTS CORES Development d\u00e9veloppe des projets immobiliers non r\u00e9sidentiels \u00e0 fort potentiel pour les investisseurs priv\u00e9s et institutionnels, ainsi que pour les utilisateurs finaux professionnels Ces projets commerciaux au niveau national et international comprennent des h\u00f4tels, des immeubles de bureaux, des espaces commerciaux, des propri\u00e9t\u00e9s industrielles, etc. Offre","og_url":"https:\/\/coresdevelopment.be\/fr\/commercial\/","og_site_name":"Cores Development","article_modified_time":"2024-03-20T10:42:29+00:00","twitter_card":"summary_large_image","twitter_misc":{"Est. reading time":"1 minute"},"schema":{"@context":"https:\/\/schema.org","@graph":[{"@type":"WebPage","@id":"https:\/\/coresdevelopment.be\/fr\/commercial\/","url":"https:\/\/coresdevelopment.be\/fr\/commercial\/","name":"Commercial - Cores Development","isPartOf":{"@id":"https:\/\/coresdevelopment.be\/#website"},"datePublished":"2022-07-19T13:34:30+00:00","dateModified":"2024-03-20T10:42:29+00:00","breadcrumb":{"@id":"https:\/\/coresdevelopment.be\/fr\/commercial\/#breadcrumb"},"inLanguage":"fr-FR","potentialAction":[{"@type":"ReadAction","target":["https:\/\/coresdevelopment.be\/fr\/commercial\/"]}]},{"@type":"BreadcrumbList","@id":"https:\/\/coresdevelopment.be\/fr\/commercial\/#breadcrumb","itemListElement":[{"@type":"ListItem","position":1,"name":"Home","item":"https:\/\/coresdevelopment.be\/fr\/"},{"@type":"ListItem","position":2,"name":"Commercial"}]},{"@type":"WebSite","@id":"https:\/\/coresdevelopment.be\/#website","url":"https:\/\/coresdevelopment.be\/","name":"Cores Development","description":"En nog een WordPress site","potentialAction":[{"@type":"SearchAction","target":{"@type":"EntryPoint","urlTemplate":"https:\/\/coresdevelopment.be\/?s={search_term_string}"},"query-input":{"@type":"PropertyValueSpecification","valueRequired":true,"valueName":"search_term_string"}}],"inLanguage":"fr-FR"}]}},"_links":{"self":[{"href":"https:\/\/coresdevelopment.be\/fr\/wp-json\/wp\/v2\/pages\/780","targetHints":{"allow":["GET"]}}],"collection":[{"href":"https:\/\/coresdevelopment.be\/fr\/wp-json\/wp\/v2\/pages"}],"about":[{"href":"https:\/\/coresdevelopment.be\/fr\/wp-json\/wp\/v2\/types\/page"}],"author":[{"embeddable":true,"href":"https:\/\/coresdevelopment.be\/fr\/wp-json\/wp\/v2\/users\/1"}],"replies":[{"embeddable":true,"href":"https:\/\/coresdevelopment.be\/fr\/wp-json\/wp\/v2\/comments?post=780"}],"version-history":[{"count":2,"href":"https:\/\/coresdevelopment.be\/fr\/wp-json\/wp\/v2\/pages\/780\/revisions"}],"predecessor-version":[{"id":11868,"href":"https:\/\/coresdevelopment.be\/fr\/wp-json\/wp\/v2\/pages\/780\/revisions\/11868"}],"wp:attachment":[{"href":"https:\/\/coresdevelopment.be\/fr\/wp-json\/wp\/v2\/media?parent=780"}],"curies":[{"name":"wp","href":"https:\/\/api.w.org\/{rel}","templated":true}]}}