{"id":13764,"date":"2024-06-14T14:21:49","date_gmt":"2024-06-14T14:21:49","guid":{"rendered":"https:\/\/coresdevelopment.be\/residential\/projects\/wattland\/te-koop-in-mechelen\/"},"modified":"2025-06-23T14:32:50","modified_gmt":"2025-06-23T14:32:50","slug":"a-vendre-a-malines","status":"publish","type":"private-project","link":"https:\/\/coresdevelopment.be\/fr\/residential\/projects\/wattland\/a-vendre-a-malines\/","title":{"rendered":"\u00e0 vendre \u00e0 Malines"},"content":{"rendered":"<div\n    class=\"wp-blocks-block  alignfull\"\n>\n    <div\n        class=\"relative h-[100dvh] w-full transition-all\"\n    >\n        <div\n            class=\"absolute inset-0 w-full h-full -z-[1] bg-gradient-to-t opacity-20 from-black via-transparent to-black\"\n        >\n        <\/div>\n        <img decoding=\"async\"\n    src=\"https:\/\/coresdevelopment.be\/uploads\/2024\/06\/Wattland-inplanting-Keerdok7.jpg\" alt=\"\" srcset=\"https:\/\/coresdevelopment.be\/uploads\/2024\/06\/Wattland-inplanting-Keerdok7-300x180.jpg 300w, https:\/\/coresdevelopment.be\/uploads\/2024\/06\/Wattland-inplanting-Keerdok7-1024x614.jpg 1024w, https:\/\/coresdevelopment.be\/uploads\/2024\/06\/Wattland-inplanting-Keerdok7-768x461.jpg 768w, https:\/\/coresdevelopment.be\/uploads\/2024\/06\/Wattland-inplanting-Keerdok7-1536x922.jpg 1536w, https:\/\/coresdevelopment.be\/uploads\/2024\/06\/Wattland-inplanting-Keerdok7.jpg 1800w\" width=\"1800\" height=\"1080\" loading=\"lazy\" class=\"!h-full w-full absolute inset-0 object-cover object-center -z-10\"\n>\n            \n            \n                            <div class=\"z-10 flex flex-col justify-center h-full max-w-screen-sm px-4 text-white pt-14 xl:pt-20 md:w-3\/4 lg:w-1\/2 xl:w-2\/5 xl:px-8\">\n                    <div class=\"text-4xl font-extrabold break-words lg:text-5xl xl:text-6xl text-shadow-md\">\n                        Bienvenue dans Wattland \u00e0 Malines\n                    <\/div>\n                    <div class=\"my-12 text-xl leading-relaxed 2xl:my-20 2xl:text-3xl\">\n                        \n                    <\/div>\n                                                                        <a\n    class=\"border max-w-fit !no-underline text-sm font-semibold px-10 py-3 tracking-wide uppercase rounded-lg border-transparent text-white bg-primary-500 border hover:text-primary-500 hover:bg-white hover:border-primary-500 px-8\"\n\n            href=\"https:\/\/coresdevelopment.be\/residential\/projects\/wattland\/aanvraag-brochure\/\"\n    >\n    Download de brochure\n<\/a>\n                                                            <\/div>\n            \n            \n            <div x-data=\"alpineScrollDown()\">\n                <button\n                    class=\"absolute z-40 text-4xl text-white transition-transform duration-300 bg-transparent bottom-6 left-1\/2 hover:translate-y-2\"\n                    aria-label=\"Scroll down the page\"\n                    @click=\"scrollDown()\"\n                >\n                    <svg xmlns=\"http:\/\/www.w3.org\/2000\/svg\" viewBox=\"0 0 512 512\" class=\"svg-inline--fa  far fa-chevron-down\" role=\"img\" aria-hidden=\"true\" style=\"color:currentColor\"><!--! Font Awesome Pro 6.4.2 by @fontawesome - https:\/\/fontawesome.com License - https:\/\/fontawesome.com\/license (Commercial License) Copyright 2023 Fonticons, Inc. --><path d=\"M239 401c9.4 9.4 24.6 9.4 33.9 0L465 209c9.4-9.4 9.4-24.6 0-33.9s-24.6-9.4-33.9 0l-175 175L81 175c-9.4-9.4-24.6-9.4-33.9 0s-9.4 24.6 0 33.9L239 401z\" fill=\"currentColor\"><\/path><\/svg>\n                <\/button>\n            <\/div>\n\n                <\/div>\n<\/div>\n\n\n\n<h2 class=\"wp-block-heading has-text-align-center is-style-heading-underlined\"><br>Offre de logements vari\u00e9e<\/h2>\n\n\n\n<p class=\"has-margin-small has-text-align-center\">O\u00f9 que vous habitiez \u00e0 Wattland, votre logement fait toujours face aux jardins collectifs exclusivement destin\u00e9s aux habitants et \u00e0 une agr\u00e9able place publique avec de beaux arbres et une v\u00e9g\u00e9tation abondante.<\/p>\n\n\n\n<p class=\"has-margin-small has-text-align-center\">Quels que soient vos souhaits, vous \u00eates assur\u00e9 de trouver ici une maison sur mesure.<br>D\u00e9couvrez les <strong>appartements<\/strong>, <strong>penthouses<\/strong>, <strong>appartements coliving<\/strong> et <strong>maisons <\/strong>avec vue sur la ville et l&#8217;eau de Wattland, dans la ville anim\u00e9e de Malines.<\/p>\n\n\n\n<h4 class=\"wp-block-heading has-text-align-center has-primary-500-color has-text-color\"><strong>prix \u00e0 partir de 244.900 \u20ac*<\/strong><\/h4>\n\n\n\n<div style=\"height:3px\" aria-hidden=\"true\" class=\"wp-block-spacer\"><\/div>\n\n\n\n<div class=\"wp-block-group alignfull has-background\" style=\"background:radial-gradient(rgba(210,217,216,0.17) 0%,rgba(210,217,216,0.17) 100%)\"><div class=\"wp-block-group__inner-container is-layout-constrained wp-block-group-is-layout-constrained\">\n<div class=\"wp-block-group alignwide\"><div class=\"wp-block-group__inner-container is-layout-constrained wp-block-group-is-layout-constrained\">\n<h3 class=\"wp-block-heading has-text-align-center is-style-heading-underlined has-gray-900-color has-text-color\">City view apartments<\/h3>\n\n\n<div\n    class=\"wp-block-spotlight-text-with-image wp-blocks-block  alignwide\"\n>\n    <div\n        class=\"flex flex-col-reverse lg:flex-row w-full lg:flex-row-reverse\"\n    >\n        <div\n            class=\"p-6 lg:p-8 w-full lg:w-2\/5 wysiwyg-list-checkbox wysiwyg-link-orange text-gray-300 wysiwyg-no-padding lg:pl-16\"\n        >\n                            <div class=\"font-light uppercase leading-relaxed text-3xl is-style-heading-underlined\">\n                    Appartement 1 chambre\n                <\/div>\n                                        <p>\n                    <ul>\n<li>Vues sur les jardins de la cour et\/ou sur la ville<\/li>\n<li>1 chambre<\/li>\n<li>Superficie : 64 &#8211; 75 m\u00b2<\/li>\n<li>Terrasse : 8 &#8211; 12 m\u00b2<\/li>\n<\/ul>\n<p>\u00c0 partir de\u00a0<strong> 244 900 \u20ac<\/strong>*<\/p>\n\n                <\/p>\n                        <div class=\"mt-4\">\n                                    <a href=\"https:\/\/coresdevelopment.be\/fr\/residential\/projects\/wattland\/contact\/\" class=\"uppercase text-primary-500 hover:text-white hover:bg-primary-500 -ml-4 p-2 transition delay-50 tracking-widest text-sm font-semibold !no-underline\">\n                        &plus; Prendre rendez-vous\n                    <\/a>\n                            <\/div>\n        <\/div>\n\n        <div\n        class=\"relative h-full image-slider w-full lg:w-3\/5\"\n>\n            <div x-ref=\"interactiveSlider\">\n                                            <div>\n                    <img decoding=\"async\"\n    src=\"https:\/\/coresdevelopment.be\/uploads\/2024\/06\/CITY-VIEW-1-SLPK-E5.2.jpg\" alt=\"\" srcset=\"https:\/\/coresdevelopment.be\/uploads\/2024\/06\/CITY-VIEW-1-SLPK-E5.2-300x192.jpg 300w, https:\/\/coresdevelopment.be\/uploads\/2024\/06\/CITY-VIEW-1-SLPK-E5.2.jpg 720w\" width=\"720\" height=\"460\" loading=\"lazy\" class=\"!border-none w-full h-full object-contain\"\n>\n                <\/div>\n                    <\/div>\n            <\/div>\n    <\/div>\n<\/div>\n\n\n<div\n    class=\"wp-block-spotlight-text-with-image wp-blocks-block  alignwide\"\n>\n    <div\n        class=\"flex flex-col-reverse lg:flex-row w-full lg:flex-row-reverse\"\n    >\n        <div\n            class=\"p-6 lg:p-8 w-full lg:w-2\/5 wysiwyg-list-checkbox wysiwyg-link-orange text-gray-300 wysiwyg-no-padding lg:pl-16\"\n        >\n                            <div class=\"font-light uppercase leading-relaxed text-3xl is-style-heading-underlined\">\n                    Appartement 2 chambres\n                <\/div>\n                                        <p>\n                    <ul>\n<li>Vues sur les jardins de la cour et\/ou sur la ville<\/li>\n<li>2 chambres<\/li>\n<li>Superficie: 95 &#8211; 103 m\u00b2<\/li>\n<li>Terrasse: 9 &#8211; 29 m\u00b2<\/li>\n<\/ul>\n<p>\u00c0 partir de <strong>349 900 \u20ac<\/strong>*<\/p>\n\n                <\/p>\n                        <div class=\"mt-4\">\n                                    <a href=\"https:\/\/coresdevelopment.be\/fr\/residential\/projects\/wattland\/contact\/\" class=\"uppercase text-primary-500 hover:text-white hover:bg-primary-500 -ml-4 p-2 transition delay-50 tracking-widest text-sm font-semibold !no-underline\">\n                        &plus; Prendre rendez-vous\n                    <\/a>\n                            <\/div>\n        <\/div>\n\n        <div\n        class=\"relative h-full image-slider w-full lg:w-3\/5\"\n>\n            <div x-ref=\"interactiveSlider\">\n                                            <div>\n                    <img decoding=\"async\"\n    src=\"https:\/\/coresdevelopment.be\/uploads\/2024\/06\/CITY-VIEW-2-SLPK-E4.4.jpg\" alt=\"\" srcset=\"https:\/\/coresdevelopment.be\/uploads\/2024\/06\/CITY-VIEW-2-SLPK-E4.4-300x192.jpg 300w, https:\/\/coresdevelopment.be\/uploads\/2024\/06\/CITY-VIEW-2-SLPK-E4.4.jpg 720w\" width=\"720\" height=\"460\" loading=\"lazy\" class=\"!border-none w-full h-full object-contain\"\n>\n                <\/div>\n                    <\/div>\n            <\/div>\n    <\/div>\n<\/div>\n\n\n<div\n    class=\"wp-block-spotlight-text-with-image wp-blocks-block  alignwide\"\n>\n    <div\n        class=\"flex flex-col-reverse lg:flex-row w-full lg:flex-row-reverse\"\n    >\n        <div\n            class=\"p-6 lg:p-8 w-full lg:w-2\/5 wysiwyg-list-checkbox wysiwyg-link-orange text-gray-300 wysiwyg-no-padding lg:pl-16\"\n        >\n                            <div class=\"font-light uppercase leading-relaxed text-3xl is-style-heading-underlined\">\n                     Penthouse 3 chambres\n                <\/div>\n                                        <p>\n                    <ul>\n<li>Vues sur les jardins de la cour et\/ou sur la ville<\/li>\n<li>3 chambres<\/li>\n<li>Superficie : 208 m\u00b2<\/li>\n<li>Terrasse: 34 m\u00b2<\/li>\n<\/ul>\n<p>&nbsp;<\/p>\n\n                <\/p>\n                        <div class=\"mt-4\">\n                                    <a href=\"https:\/\/coresdevelopment.be\/fr\/residential\/projects\/wattland\/contact\/\" class=\"uppercase text-primary-500 hover:text-white hover:bg-primary-500 -ml-4 p-2 transition delay-50 tracking-widest text-sm font-semibold !no-underline\">\n                        &plus; Prendre rendez-vous\n                    <\/a>\n                            <\/div>\n        <\/div>\n\n        <div\n        class=\"relative h-full image-slider w-full lg:w-3\/5\"\n>\n            <div x-ref=\"interactiveSlider\">\n                                            <div>\n                    <img decoding=\"async\"\n    src=\"https:\/\/coresdevelopment.be\/uploads\/2024\/06\/CITY-VIEW-PENTHOUSE-3-SLPK.jpg\" alt=\"\" srcset=\"https:\/\/coresdevelopment.be\/uploads\/2024\/06\/CITY-VIEW-PENTHOUSE-3-SLPK-300x192.jpg 300w, https:\/\/coresdevelopment.be\/uploads\/2024\/06\/CITY-VIEW-PENTHOUSE-3-SLPK.jpg 720w\" width=\"720\" height=\"460\" loading=\"lazy\" class=\"!border-none w-full h-full object-contain\"\n>\n                <\/div>\n                    <\/div>\n            <\/div>\n    <\/div>\n<\/div>\n\n\n<div\n    class=\"wp-block-spotlight-text-with-image wp-blocks-block  alignwide\"\n>\n    <div\n        class=\"flex flex-col-reverse lg:flex-row w-full lg:flex-row-reverse\"\n    >\n        <div\n            class=\"p-6 lg:p-8 w-full lg:w-2\/5 wysiwyg-list-checkbox wysiwyg-link-orange text-gray-300 wysiwyg-no-padding lg:pl-16\"\n        >\n                            <div class=\"font-light uppercase leading-relaxed text-3xl is-style-heading-underlined\">\n                    Appartement coliving \n                <\/div>\n                                        <p>\n                    <ul>\n<li>Vues sur les jardins de la cour et\/ou sur la ville<\/li>\n<li>Toit-terrasse commun<\/li>\n<li>3 ou 4 chambres<\/li>\n<li>Superficie : 145 &#8211; 209 m\u00b2<\/li>\n<\/ul>\n<p>\u00c0 partir de <strong>514 900 \u20ac<\/strong>*<\/p>\n\n                <\/p>\n                        <div class=\"mt-4\">\n                                    <a href=\"https:\/\/coresdevelopment.be\/fr\/residential\/projects\/wattland\/contact\/\" class=\"uppercase text-primary-500 hover:text-white hover:bg-primary-500 -ml-4 p-2 transition delay-50 tracking-widest text-sm font-semibold !no-underline\">\n                        &plus; Prendre rendez-vous\n                    <\/a>\n                            <\/div>\n        <\/div>\n\n        <div\n        class=\"relative h-full image-slider w-full lg:w-3\/5\"\n>\n            <div x-ref=\"interactiveSlider\">\n                                            <div>\n                    <img decoding=\"async\"\n    src=\"https:\/\/coresdevelopment.be\/uploads\/2024\/06\/CITY-VIEW-COLIVING.jpg\" alt=\"\" srcset=\"https:\/\/coresdevelopment.be\/uploads\/2024\/06\/CITY-VIEW-COLIVING-300x192.jpg 300w, https:\/\/coresdevelopment.be\/uploads\/2024\/06\/CITY-VIEW-COLIVING.jpg 720w\" width=\"720\" height=\"460\" loading=\"lazy\" class=\"!border-none w-full h-full object-contain\"\n>\n                <\/div>\n                    <\/div>\n            <\/div>\n    <\/div>\n<\/div>\n<\/div><\/div>\n<\/div><\/div>\n\n\n\n<div style=\"height:4px\" aria-hidden=\"true\" class=\"wp-block-spacer\"><\/div>\n\n\n\n<h3 class=\"wp-block-heading has-text-align-center is-style-heading-underlined\">WATER view apartments<\/h3>\n\n\n<div\n    class=\"wp-block-spotlight-text-with-image wp-blocks-block  alignwide\"\n>\n    <div\n        class=\"flex flex-col-reverse lg:flex-row w-full lg:flex-row-reverse\"\n    >\n        <div\n            class=\"p-6 lg:p-8 w-full lg:w-2\/5 wysiwyg-list-checkbox wysiwyg-link-orange text-gray-300 wysiwyg-no-padding lg:pl-16\"\n        >\n                            <div class=\"font-light uppercase leading-relaxed text-3xl is-style-heading-underlined\">\n                    Appartement 2 chambres\n                <\/div>\n                                        <p>\n                    <ul>\n<li>Vues sur l&#8217;eau de la Dyle<\/li>\n<li>2 chambres<\/li>\n<li>Superficie : 113 m\u00b2<\/li>\n<li>Terrasse : 14 -18 m\u00b2<\/li>\n<\/ul>\n<p>\u00c0 partir de <strong>469 900 \u20ac<\/strong>*<\/p>\n\n                <\/p>\n                        <div class=\"mt-4\">\n                                    <a href=\"https:\/\/coresdevelopment.be\/fr\/residential\/projects\/wattland\/contact\/\" class=\"uppercase text-primary-500 hover:text-white hover:bg-primary-500 -ml-4 p-2 transition delay-50 tracking-widest text-sm font-semibold !no-underline\">\n                        &plus; Prendre rendez-vous\n                    <\/a>\n                            <\/div>\n        <\/div>\n\n        <div\n        class=\"relative h-full image-slider w-full lg:w-3\/5\"\n>\n            <div x-ref=\"interactiveSlider\">\n                                            <div>\n                    <img decoding=\"async\"\n    src=\"https:\/\/coresdevelopment.be\/uploads\/2024\/06\/WATER-VIEW-2-SLPK-Dx.1.jpg\" alt=\"\" srcset=\"https:\/\/coresdevelopment.be\/uploads\/2024\/06\/WATER-VIEW-2-SLPK-Dx.1-300x192.jpg 300w, https:\/\/coresdevelopment.be\/uploads\/2024\/06\/WATER-VIEW-2-SLPK-Dx.1.jpg 720w\" width=\"720\" height=\"460\" loading=\"lazy\" class=\"!border-none w-full h-full object-contain\"\n>\n                <\/div>\n                    <\/div>\n            <\/div>\n    <\/div>\n<\/div>\n\n\n<div\n    class=\"wp-block-spotlight-text-with-image wp-blocks-block  alignwide\"\n>\n    <div\n        class=\"flex flex-col-reverse lg:flex-row w-full lg:flex-row-reverse\"\n    >\n        <div\n            class=\"p-6 lg:p-8 w-full lg:w-2\/5 wysiwyg-list-checkbox wysiwyg-link-orange text-gray-300 wysiwyg-no-padding lg:pl-16\"\n        >\n                            <div class=\"font-light uppercase leading-relaxed text-3xl is-style-heading-underlined\">\n                     Appartement 3 chambres\n                <\/div>\n                                        <p>\n                    <ul>\n<li>Vues sur l&#8217;eau de la Dyle<\/li>\n<li>3 chambres<\/li>\n<li>Superficie : 124 &#8211; 175 m\u00b2<\/li>\n<li>Terrasse: 8 -29 m\u00b2<\/li>\n<\/ul>\n<p>\u00c0 partir de <strong>529 900 \u20ac<\/strong>*<\/p>\n\n                <\/p>\n                        <div class=\"mt-4\">\n                                    <a href=\"https:\/\/coresdevelopment.be\/fr\/residential\/projects\/wattland\/contact\/\" class=\"uppercase text-primary-500 hover:text-white hover:bg-primary-500 -ml-4 p-2 transition delay-50 tracking-widest text-sm font-semibold !no-underline\">\n                        &plus; Prendre rendez-vous\n                    <\/a>\n                            <\/div>\n        <\/div>\n\n        <div\n            x-data=\"alpineImageSlider()\"\n        x-intersect.once=\"init\"\n        class=\"relative h-full image-slider w-full lg:w-3\/5\"\n>\n            <div x-ref=\"interactiveSlider\">\n                                            <div>\n                    <img decoding=\"async\"\n    src=\"https:\/\/coresdevelopment.be\/uploads\/2024\/06\/WATER-VIEW-3-SLPK-D5.3.jpg\" alt=\"\" srcset=\"https:\/\/coresdevelopment.be\/uploads\/2024\/06\/WATER-VIEW-3-SLPK-D5.3-300x192.jpg 300w, https:\/\/coresdevelopment.be\/uploads\/2024\/06\/WATER-VIEW-3-SLPK-D5.3.jpg 720w\" width=\"720\" height=\"460\" loading=\"lazy\" class=\"!border-none w-full h-full object-contain\"\n>\n                <\/div>\n                                            <div>\n                    <img decoding=\"async\"\n    src=\"https:\/\/coresdevelopment.be\/uploads\/2024\/06\/WATER-VIEW-3-SLPK-D7.1.jpg\" alt=\"\" srcset=\"https:\/\/coresdevelopment.be\/uploads\/2024\/06\/WATER-VIEW-3-SLPK-D7.1-300x192.jpg 300w, https:\/\/coresdevelopment.be\/uploads\/2024\/06\/WATER-VIEW-3-SLPK-D7.1.jpg 720w\" width=\"720\" height=\"460\" loading=\"lazy\" class=\"!border-none w-full h-full object-contain\"\n>\n                <\/div>\n                    <\/div>\n                    <button class=\"absolute left-4 inset-y-0 text-4xl opacity-50 hover:opacity-100 text-black bg-transparent\" x-ref=\"mainPrevArrow\">\n                <svg xmlns=\"http:\/\/www.w3.org\/2000\/svg\" viewBox=\"0 0 512 512\" class=\"svg-inline--fa  fas fa-circle-chevron-left\" role=\"img\" aria-hidden=\"true\" style=\"color:currentColor\"><!--! Font Awesome Pro 6.4.2 by @fontawesome - https:\/\/fontawesome.com License - https:\/\/fontawesome.com\/license (Commercial License) Copyright 2023 Fonticons, Inc. --><path d=\"M512 256A256 256 0 1 0 0 256a256 256 0 1 0 512 0zM271 135c9.4-9.4 24.6-9.4 33.9 0s9.4 24.6 0 33.9l-87 87 87 87c9.4 9.4 9.4 24.6 0 33.9s-24.6 9.4-33.9 0L167 273c-9.4-9.4-9.4-24.6 0-33.9L271 135z\" fill=\"currentColor\"><\/path><\/svg>\n            <\/button>\n            <button class=\"absolute right-4 inset-y-0 text-4xl opacity-50 hover:opacity-100 text-black bg-transparent\" x-ref=\"mainNextArrow\">\n                <svg xmlns=\"http:\/\/www.w3.org\/2000\/svg\" viewBox=\"0 0 512 512\" class=\"svg-inline--fa  fas fa-circle-chevron-right\" role=\"img\" aria-hidden=\"true\" style=\"color:currentColor\"><!--! Font Awesome Pro 6.4.2 by @fontawesome - https:\/\/fontawesome.com License - https:\/\/fontawesome.com\/license (Commercial License) Copyright 2023 Fonticons, Inc. --><path d=\"M0 256a256 256 0 1 0 512 0A256 256 0 1 0 0 256zM241 377c-9.4 9.4-24.6 9.4-33.9 0s-9.4-24.6 0-33.9l87-87-87-87c-9.4-9.4-9.4-24.6 0-33.9s24.6-9.4 33.9 0L345 239c9.4 9.4 9.4 24.6 0 33.9L241 377z\" fill=\"currentColor\"><\/path><\/svg>\n            <\/button>\n            <\/div>\n    <\/div>\n<\/div>\n\n\n<div\n    class=\"wp-block-spotlight-text-with-image wp-blocks-block  alignwide\"\n>\n    <div\n        class=\"flex flex-col-reverse lg:flex-row w-full lg:flex-row-reverse\"\n    >\n        <div\n            class=\"p-6 lg:p-8 w-full lg:w-2\/5 wysiwyg-list-checkbox wysiwyg-link-orange text-gray-300 wysiwyg-no-padding lg:pl-16\"\n        >\n                            <div class=\"font-light uppercase leading-relaxed text-3xl is-style-heading-underlined\">\n                    Penthouse de 3 chambres\n                <\/div>\n                                        <p>\n                    <ul>\n<li>Vues sur l&#8217;eau de la Dyle<\/li>\n<li>3 chambres<\/li>\n<li>Superficie : 206 &#8211; 212 m\u00b2<\/li>\n<li>Terrase : 27 m\u00b2<\/li>\n<\/ul>\n\n                <\/p>\n                        <div class=\"mt-4\">\n                                    <a href=\"https:\/\/coresdevelopment.be\/fr\/residential\/projects\/wattland\/contact\/\" class=\"uppercase text-primary-500 hover:text-white hover:bg-primary-500 -ml-4 p-2 transition delay-50 tracking-widest text-sm font-semibold !no-underline\">\n                        &plus; Prendre rendez-vous\n                    <\/a>\n                            <\/div>\n        <\/div>\n\n        <div\n        class=\"relative h-full image-slider w-full lg:w-3\/5\"\n>\n            <div x-ref=\"interactiveSlider\">\n                                            <div>\n                    <img decoding=\"async\"\n    src=\"https:\/\/coresdevelopment.be\/uploads\/2024\/06\/WATER-VIEW-PENTHOUSE-D8.3.jpg\" alt=\"\" srcset=\"https:\/\/coresdevelopment.be\/uploads\/2024\/06\/WATER-VIEW-PENTHOUSE-D8.3-300x192.jpg 300w, https:\/\/coresdevelopment.be\/uploads\/2024\/06\/WATER-VIEW-PENTHOUSE-D8.3.jpg 720w\" width=\"720\" height=\"460\" loading=\"lazy\" class=\"!border-none w-full h-full object-contain\"\n>\n                <\/div>\n                    <\/div>\n            <\/div>\n    <\/div>\n<\/div>\n\n\n\n<div class=\"wp-block-group alignfull has-background\" style=\"background:radial-gradient(rgba(210,217,216,0.17) 0%,rgba(210,217,216,0.17) 100%)\"><div class=\"wp-block-group__inner-container is-layout-constrained wp-block-group-is-layout-constrained\">\n<h3 class=\"wp-block-heading has-text-align-center is-style-heading-underlined\">Maisons familiales<\/h3>\n\n\n\n<p class=\"has-margin-small has-text-align-center\">Il est toujours agr\u00e9able de rentrer dans les maisons Wattland. Vous entrez dans votre spacieuse terrasse par les grandes fen\u00eatres coulissantes qui apportent de la lumi\u00e8re dans votre salon. Le tapis de gazon de la cour s&#8217;\u00e9tend jusqu&#8217;aux fa\u00e7ades, vous donnant un acc\u00e8s direct \u00e0 la zone jardin.<\/p>\n\n\n<div\n    class=\"wp-block-spotlight-text-with-image wp-blocks-block  alignwide\"\n>\n    <div\n        class=\"flex flex-col-reverse lg:flex-row w-full lg:flex-row-reverse\"\n    >\n        <div\n            class=\"p-6 lg:p-8 w-full lg:w-2\/5 wysiwyg-list-checkbox wysiwyg-link-orange text-gray-300 wysiwyg-no-padding lg:pl-16\"\n        >\n                            <div class=\"font-light uppercase leading-relaxed text-3xl is-style-heading-underlined\">\n                    Maison de 3 ou 4 chambres\n                <\/div>\n                                        <p>\n                    <ul>\n<li>3 ou 4 chambres<\/li>\n<li>Superficie : 138 &#8211; 195 m\u00b2<\/li>\n<li>Terrasse: 17 &#8211; 31 m\u00b2<\/li>\n<\/ul>\n<p>\u00c0 partir de <strong>459 900 \u20ac<\/strong>*<\/p>\n\n                <\/p>\n                        <div class=\"mt-4\">\n                                    <a href=\"https:\/\/coresdevelopment.be\/fr\/residential\/projects\/wattland\/contact\/\" class=\"uppercase text-primary-500 hover:text-white hover:bg-primary-500 -ml-4 p-2 transition delay-50 tracking-widest text-sm font-semibold !no-underline\">\n                        &plus; Prendre rendez-vous\n                    <\/a>\n                            <\/div>\n        <\/div>\n\n        <div\n            x-data=\"alpineImageSlider()\"\n        x-intersect.once=\"init\"\n        class=\"relative h-full image-slider w-full lg:w-3\/5\"\n>\n            <div x-ref=\"interactiveSlider\">\n                                            <div>\n                    <img decoding=\"async\"\n    src=\"https:\/\/coresdevelopment.be\/uploads\/2024\/06\/WONINGEN-D-BLOK.jpg\" alt=\"\" srcset=\"https:\/\/coresdevelopment.be\/uploads\/2024\/06\/WONINGEN-D-BLOK-300x192.jpg 300w, https:\/\/coresdevelopment.be\/uploads\/2024\/06\/WONINGEN-D-BLOK.jpg 720w\" width=\"720\" height=\"460\" loading=\"lazy\" class=\"!border-none w-full h-full object-contain\"\n>\n                <\/div>\n                                            <div>\n                    <img decoding=\"async\"\n    src=\"https:\/\/coresdevelopment.be\/uploads\/2024\/06\/WONINGEN-I-BLOK.jpg\" alt=\"\" srcset=\"https:\/\/coresdevelopment.be\/uploads\/2024\/06\/WONINGEN-I-BLOK-300x192.jpg 300w, https:\/\/coresdevelopment.be\/uploads\/2024\/06\/WONINGEN-I-BLOK.jpg 720w\" width=\"720\" height=\"460\" loading=\"lazy\" class=\"!border-none w-full h-full object-contain\"\n>\n                <\/div>\n                    <\/div>\n                    <button class=\"absolute left-4 inset-y-0 text-4xl opacity-50 hover:opacity-100 text-black bg-transparent\" x-ref=\"mainPrevArrow\">\n                <svg xmlns=\"http:\/\/www.w3.org\/2000\/svg\" viewBox=\"0 0 512 512\" class=\"svg-inline--fa  fas fa-circle-chevron-left\" role=\"img\" aria-hidden=\"true\" style=\"color:currentColor\"><!--! Font Awesome Pro 6.4.2 by @fontawesome - https:\/\/fontawesome.com License - https:\/\/fontawesome.com\/license (Commercial License) Copyright 2023 Fonticons, Inc. --><path d=\"M512 256A256 256 0 1 0 0 256a256 256 0 1 0 512 0zM271 135c9.4-9.4 24.6-9.4 33.9 0s9.4 24.6 0 33.9l-87 87 87 87c9.4 9.4 9.4 24.6 0 33.9s-24.6 9.4-33.9 0L167 273c-9.4-9.4-9.4-24.6 0-33.9L271 135z\" fill=\"currentColor\"><\/path><\/svg>\n            <\/button>\n            <button class=\"absolute right-4 inset-y-0 text-4xl opacity-50 hover:opacity-100 text-black bg-transparent\" x-ref=\"mainNextArrow\">\n                <svg xmlns=\"http:\/\/www.w3.org\/2000\/svg\" viewBox=\"0 0 512 512\" class=\"svg-inline--fa  fas fa-circle-chevron-right\" role=\"img\" aria-hidden=\"true\" style=\"color:currentColor\"><!--! Font Awesome Pro 6.4.2 by @fontawesome - https:\/\/fontawesome.com License - https:\/\/fontawesome.com\/license (Commercial License) Copyright 2023 Fonticons, Inc. --><path d=\"M0 256a256 256 0 1 0 512 0A256 256 0 1 0 0 256zM241 377c-9.4 9.4-24.6 9.4-33.9 0s-9.4-24.6 0-33.9l87-87-87-87c-9.4-9.4-9.4-24.6 0-33.9s24.6-9.4 33.9 0L345 239c9.4 9.4 9.4 24.6 0 33.9L241 377z\" fill=\"currentColor\"><\/path><\/svg>\n            <\/button>\n            <\/div>\n    <\/div>\n<\/div>\n\n\n\n<p class=\"has-margin-small has-text-align-center\"><sup>* Prix hors TVA, frais d&#8217;enregistrement et de notaire.<\/sup><\/p>\n<\/div><\/div>\n\n\n\n<div style=\"height:25px\" aria-hidden=\"true\" class=\"wp-block-spacer\"><\/div>\n\n\n<div\n    class=\"wp-blocks-block  alignwide\"\n>\n    <div\n        class=\"border mt-16 mx-auto flex flex-col items-center w-full border-primary-500\"\n    >\n                    <div class=\"max-w-screen-md mx-4\">\n                <div class=\"text-center -translate-y-8 bg-white px-4 md:px-8 py-2 text-2xl uppercase font-light\">\n                    PLUS D&#039;INFORMATIONS SUR WATTLAND ?\n                <\/div>\n                <div class=\"w-20 h-1 bg-orange-500 mx-auto mb-4 -mt-4\"><\/div>\n            <\/div>\n                <div class=\"py-8 px-4 md:px-32 lg:px-44 xl:px-56 w-full\">\n            <div class=\"inner-blocks\">\n    \n\n<p class=\"has-margin-small has-text-align-center\">Vous souhaitez rester inform\u00e9 ou vous avez une question pr\u00e9cise ?<br>Veuillez remplir le formulaire de contact ci-dessous et nous vous contacterons.<\/p>\n\n\n\n<div\n        data-form-id='b4f85a44-e342-f011-8779-000d3a464a0a'\n        data-form-api-url='https:\/\/public-eur.mkt.dynamics.com\/api\/v1.0\/orgs\/da6cb054-1b24-4524-9baa-175f52e4881c\/landingpageforms'\n        data-cached-form-url='https:\/\/assets-eur.mkt.dynamics.com\/da6cb054-1b24-4524-9baa-175f52e4881c\/digitalassets\/forms\/b4f85a44-e342-f011-8779-000d3a464a0a' ><\/div>\n        <script src = 'https:\/\/cxppusa1formui01cdnsa01-endpoint.azureedge.net\/eur\/FormLoader\/FormLoader.bundle.js' ><\/script>\n\n\n<\/div>\n        <\/div>\n    <\/div>\n<\/div>\n\n\n<div\n    class=\"wp-block-spotlight-text-with-image wp-blocks-block  alignwide\"\n>\n    <div\n        class=\"flex flex-col-reverse lg:flex-row w-full\"\n    >\n        <div\n            class=\"p-6 lg:p-8 w-full lg:w-2\/5 wysiwyg-list-checkbox wysiwyg-link-orange text-gray-300 wysiwyg-no-padding lg:pr-16\"\n        >\n                            <div class=\"font-light uppercase leading-relaxed text-3xl is-style-heading-underlined\">\n                    Vous pr\u00e9f\u00e9rez vivre \u00e0 Sint-Katelijne-Waver avec le parc \u00e0 c\u00f4t\u00e9 ?\n                <\/div>\n                                        <p>\n                    <p>D\u00e9couvrez les appartements patio &#038; parc de 1, 2 ou 3 chambres et les luxueux penthouses du projet r\u00e9sidentiel Borgerwijk, \u00e0 deux pas de la ville de Malines.<\/p>\n\n                <\/p>\n                        <div class=\"mt-4\">\n                                    <a href=\"https:\/\/www.borgerwijk.be\/\" class=\"uppercase text-primary-500 hover:text-white hover:bg-primary-500 -ml-4 p-2 transition delay-50 tracking-widest text-sm font-semibold !no-underline\">\n                        &plus; Ontdek Borgerwijk\n                    <\/a>\n                            <\/div>\n        <\/div>\n\n        <div\n        class=\"relative h-full image-slider w-full lg:w-3\/5\"\n>\n            <div x-ref=\"interactiveSlider\">\n                                            <div>\n                    <img decoding=\"async\"\n    src=\"https:\/\/coresdevelopment.be\/uploads\/2022\/09\/Borgerwijk-Start-verkoop3.jpg\" alt=\"\" srcset=\"https:\/\/coresdevelopment.be\/uploads\/2022\/09\/Borgerwijk-Start-verkoop3-300x197.jpg 300w, https:\/\/coresdevelopment.be\/uploads\/2022\/09\/Borgerwijk-Start-verkoop3.jpg 700w\" width=\"700\" height=\"460\" loading=\"lazy\" class=\"!border-none w-full h-full object-contain\"\n>\n                <\/div>\n                    <\/div>\n            <\/div>\n    <\/div>\n<\/div>\n\n\n\n<div style=\"height:25px\" aria-hidden=\"true\" class=\"wp-block-spacer\"><\/div>\n\n\n\n<div class=\"has-margin-none wp-block-columns alignfull are-vertically-aligned-center has-background is-layout-flex wp-container-core-columns-is-layout-2 wp-block-columns-is-layout-flex\" style=\"background:linear-gradient(90deg,rgb(243,246,240) 0%,rgb(243,246,240) 100%)\">\n<div class=\"wp-block-column is-layout-flow wp-block-column-is-layout-flow\" style=\"flex-basis:400px\"><\/div>\n\n\n\n<div class=\"wp-block-column is-layout-flow wp-block-column-is-layout-flow\">\n<div class=\"wp-block-columns is-layout-flex wp-container-core-columns-is-layout-1 wp-block-columns-is-layout-flex\">\n<div class=\"wp-block-column is-layout-flow wp-block-column-is-layout-flow\">\n<p class=\"has-margin-small has-text-align-right has-black-color is-style-intro-text has-gray-900-color has-text-color\">En tant qu&#8217;investisseur, vous \u00eates \u00e0 la recherche d&#8217;un partenaire fiable qui offre des garanties pour un rendement maximal. Nous adaptons nos biens immobiliers \u00e0 la demande du march\u00e9.<\/p>\n\n\n\n<div class=\"wp-block-buttons is-content-justification-right is-layout-flex wp-container-core-buttons-is-layout-1 wp-block-buttons-is-layout-flex\">\n<div class=\"wp-block-button\"><a class=\"wp-block-button__link has-primary-500-background-color has-background wp-element-button\" href=\"https:\/\/coresdevelopment.be\/fr\/residential\/investir\/\" style=\"border-radius:0px\" target=\"_blank\" rel=\"noreferrer noopener\">D\u00e9couvrez la Garantie CORES<\/a><\/div>\n<\/div>\n<\/div>\n\n\n\n<div class=\"wp-block-column is-layout-flow wp-block-column-is-layout-flow\"><div class=\"wp-block-image\">\n<figure class=\"alignleft size-full is-resized\"><img loading=\"lazy\" decoding=\"async\" width=\"255\" height=\"255\" src=\"https:\/\/coresdevelopment.be\/uploads\/2023\/06\/investeer-icoon.png\" alt=\"\" class=\"wp-image-8656\" style=\"width:170px;height:170px\" srcset=\"https:\/\/coresdevelopment.be\/uploads\/2023\/06\/investeer-icoon.png 255w, https:\/\/coresdevelopment.be\/uploads\/2023\/06\/investeer-icoon-150x150.png 150w, https:\/\/coresdevelopment.be\/uploads\/2023\/06\/investeer-icoon-200x200.png 200w\" sizes=\"auto, (max-width: 255px) 100vw, 255px\" \/><\/figure><\/div><\/div>\n<\/div>\n<\/div>\n\n\n\n<div class=\"wp-block-column is-layout-flow wp-block-column-is-layout-flow\" style=\"flex-basis:200px\"><\/div>\n<\/div>\n","protected":false},"excerpt":{"rendered":"<p>Offre de logements vari\u00e9e O\u00f9 que vous habitiez \u00e0 Wattland, votre logement fait toujours face aux jardins collectifs exclusivement destin\u00e9s aux habitants et \u00e0 une agr\u00e9able place publique avec de beaux arbres et une v\u00e9g\u00e9tation abondante. Quels que soient vos souhaits, vous \u00eates assur\u00e9 de trouver ici une maison sur mesure.D\u00e9couvrez les appartements, penthouses, appartements coliving et maisons avec vue sur la ville et l&#8217;eau de Wattland, dans la ville anim\u00e9e de Malines. prix \u00e0 partir de 244.900 \u20ac* City view apartments WATER view apartments Maisons familiales Il est toujours agr\u00e9able de rentrer dans les maisons Wattland. Vous entrez dans votre spacieuse terrasse par les grandes fen\u00eatres coulissantes qui apportent de la lumi\u00e8re dans votre salon. Le tapis de gazon de la cour s&#8217;\u00e9tend jusqu&#8217;aux fa\u00e7ades, vous donnant un acc\u00e8s direct \u00e0 la zone jardin. * Prix hors TVA, frais d&#8217;enregistrement et de notaire. En tant qu&#8217;investisseur, vous \u00eates \u00e0 la recherche d&#8217;un partenaire fiable qui offre des garanties pour un rendement maximal. Nous adaptons nos biens immobiliers \u00e0 la demande du march\u00e9.<\/p>\n","protected":false},"featured_media":0,"parent":5890,"menu_order":0,"template":"","private-project-type":[139,160,147],"private-project-status":[190],"private-project-location":[156],"class_list":["post-13764","private-project","type-private-project","status-publish","hentry","private-project-type-appartement-fr","private-project-type-maison-fr","private-project-type-penthouse-fr","private-project-status-a-vendre-fr","private-project-location-malines-fr"],"acf":[],"yoast_head":"<!-- This site is optimized with the Yoast SEO plugin v24.9 - https:\/\/yoast.com\/wordpress\/plugins\/seo\/ -->\n<title>Nieuwbouw te koop in Mechelen - CORES Development<\/title>\n<meta name=\"robots\" content=\"index, follow, max-snippet:-1, max-image-preview:large, max-video-preview:-1\" \/>\n<link rel=\"canonical\" href=\"https:\/\/coresdevelopment.be\/fr\/residential\/projects\/wattland\/a-vendre-a-malines\/\" \/>\n<meta property=\"og:locale\" content=\"fr_FR\" \/>\n<meta property=\"og:type\" content=\"article\" \/>\n<meta property=\"og:title\" content=\"Nieuwbouw te koop in Mechelen - CORES Development\" \/>\n<meta property=\"og:description\" content=\"Offre de logements vari\u00e9e O\u00f9 que vous habitiez \u00e0 Wattland, votre logement fait toujours face aux jardins collectifs exclusivement destin\u00e9s aux habitants et \u00e0 une agr\u00e9able place publique avec de beaux arbres et une v\u00e9g\u00e9tation abondante. Quels que soient vos souhaits, vous \u00eates assur\u00e9 de trouver ici une maison sur mesure.D\u00e9couvrez les appartements, penthouses, appartements coliving et maisons avec vue sur la ville et l&#8217;eau de Wattland, dans la ville anim\u00e9e de Malines. prix \u00e0 partir de 244.900 \u20ac* City view apartments WATER view apartments Maisons familiales Il est toujours agr\u00e9able de rentrer dans les maisons Wattland. Vous entrez dans votre spacieuse terrasse par les grandes fen\u00eatres coulissantes qui apportent de la lumi\u00e8re dans votre salon. Le tapis de gazon de la cour s&#8217;\u00e9tend jusqu&#8217;aux fa\u00e7ades, vous donnant un acc\u00e8s direct \u00e0 la zone jardin. * Prix hors TVA, frais d&#8217;enregistrement et de notaire. En tant qu&#8217;investisseur, vous \u00eates \u00e0 la recherche d&#8217;un partenaire fiable qui offre des garanties pour un rendement maximal. Nous adaptons nos biens immobiliers \u00e0 la demande du march\u00e9.\" \/>\n<meta property=\"og:url\" content=\"https:\/\/coresdevelopment.be\/fr\/residential\/projects\/wattland\/a-vendre-a-malines\/\" \/>\n<meta property=\"og:site_name\" content=\"Cores Development\" \/>\n<meta property=\"article:modified_time\" content=\"2025-06-23T14:32:50+00:00\" \/>\n<meta property=\"og:image\" content=\"https:\/\/coresdevelopment.be\/uploads\/2023\/06\/investeer-icoon.png\" \/>\n<meta name=\"twitter:card\" content=\"summary_large_image\" \/>\n<meta name=\"twitter:label1\" content=\"Est. reading time\" \/>\n\t<meta name=\"twitter:data1\" content=\"2 minutes\" \/>\n<script type=\"application\/ld+json\" class=\"yoast-schema-graph\">{\"@context\":\"https:\/\/schema.org\",\"@graph\":[{\"@type\":\"WebPage\",\"@id\":\"https:\/\/coresdevelopment.be\/fr\/residential\/projects\/wattland\/a-vendre-a-malines\/\",\"url\":\"https:\/\/coresdevelopment.be\/fr\/residential\/projects\/wattland\/a-vendre-a-malines\/\",\"name\":\"Nieuwbouw te koop in Mechelen - CORES Development\",\"isPartOf\":{\"@id\":\"https:\/\/coresdevelopment.be\/#website\"},\"primaryImageOfPage\":{\"@id\":\"https:\/\/coresdevelopment.be\/fr\/residential\/projects\/wattland\/a-vendre-a-malines\/#primaryimage\"},\"image\":{\"@id\":\"https:\/\/coresdevelopment.be\/fr\/residential\/projects\/wattland\/a-vendre-a-malines\/#primaryimage\"},\"thumbnailUrl\":\"https:\/\/coresdevelopment.be\/uploads\/2023\/06\/investeer-icoon.png\",\"datePublished\":\"2024-06-14T14:21:49+00:00\",\"dateModified\":\"2025-06-23T14:32:50+00:00\",\"breadcrumb\":{\"@id\":\"https:\/\/coresdevelopment.be\/fr\/residential\/projects\/wattland\/a-vendre-a-malines\/#breadcrumb\"},\"inLanguage\":\"fr-FR\",\"potentialAction\":[{\"@type\":\"ReadAction\",\"target\":[\"https:\/\/coresdevelopment.be\/fr\/residential\/projects\/wattland\/a-vendre-a-malines\/\"]}]},{\"@type\":\"ImageObject\",\"inLanguage\":\"fr-FR\",\"@id\":\"https:\/\/coresdevelopment.be\/fr\/residential\/projects\/wattland\/a-vendre-a-malines\/#primaryimage\",\"url\":\"https:\/\/coresdevelopment.be\/uploads\/2023\/06\/investeer-icoon.png\",\"contentUrl\":\"https:\/\/coresdevelopment.be\/uploads\/2023\/06\/investeer-icoon.png\"},{\"@type\":\"BreadcrumbList\",\"@id\":\"https:\/\/coresdevelopment.be\/fr\/residential\/projects\/wattland\/a-vendre-a-malines\/#breadcrumb\",\"itemListElement\":[{\"@type\":\"ListItem\",\"position\":1,\"name\":\"Home\",\"item\":\"https:\/\/coresdevelopment.be\/fr\/\"},{\"@type\":\"ListItem\",\"position\":2,\"name\":\"Residential projecten\",\"item\":\"https:\/\/coresdevelopment.be\/residential\/projects\/\"},{\"@type\":\"ListItem\",\"position\":3,\"name\":\"Wattland\",\"item\":\"https:\/\/coresdevelopment.be\/fr\/residential\/projects\/wattland\/\"},{\"@type\":\"ListItem\",\"position\":4,\"name\":\"\u00e0 vendre \u00e0 Malines\"}]},{\"@type\":\"WebSite\",\"@id\":\"https:\/\/coresdevelopment.be\/#website\",\"url\":\"https:\/\/coresdevelopment.be\/\",\"name\":\"Cores Development\",\"description\":\"En nog een WordPress site\",\"potentialAction\":[{\"@type\":\"SearchAction\",\"target\":{\"@type\":\"EntryPoint\",\"urlTemplate\":\"https:\/\/coresdevelopment.be\/?s={search_term_string}\"},\"query-input\":{\"@type\":\"PropertyValueSpecification\",\"valueRequired\":true,\"valueName\":\"search_term_string\"}}],\"inLanguage\":\"fr-FR\"}]}<\/script>\n<!-- \/ Yoast SEO plugin. -->","yoast_head_json":{"title":"Nieuwbouw te koop in Mechelen - CORES Development","robots":{"index":"index","follow":"follow","max-snippet":"max-snippet:-1","max-image-preview":"max-image-preview:large","max-video-preview":"max-video-preview:-1"},"canonical":"https:\/\/coresdevelopment.be\/fr\/residential\/projects\/wattland\/a-vendre-a-malines\/","og_locale":"fr_FR","og_type":"article","og_title":"Nieuwbouw te koop in Mechelen - CORES Development","og_description":"Offre de logements vari\u00e9e O\u00f9 que vous habitiez \u00e0 Wattland, votre logement fait toujours face aux jardins collectifs exclusivement destin\u00e9s aux habitants et \u00e0 une agr\u00e9able place publique avec de beaux arbres et une v\u00e9g\u00e9tation abondante. Quels que soient vos souhaits, vous \u00eates assur\u00e9 de trouver ici une maison sur mesure.D\u00e9couvrez les appartements, penthouses, appartements coliving et maisons avec vue sur la ville et l&#8217;eau de Wattland, dans la ville anim\u00e9e de Malines. prix \u00e0 partir de 244.900 \u20ac* City view apartments WATER view apartments Maisons familiales Il est toujours agr\u00e9able de rentrer dans les maisons Wattland. Vous entrez dans votre spacieuse terrasse par les grandes fen\u00eatres coulissantes qui apportent de la lumi\u00e8re dans votre salon. Le tapis de gazon de la cour s&#8217;\u00e9tend jusqu&#8217;aux fa\u00e7ades, vous donnant un acc\u00e8s direct \u00e0 la zone jardin. * Prix hors TVA, frais d&#8217;enregistrement et de notaire. En tant qu&#8217;investisseur, vous \u00eates \u00e0 la recherche d&#8217;un partenaire fiable qui offre des garanties pour un rendement maximal. Nous adaptons nos biens immobiliers \u00e0 la demande du march\u00e9.","og_url":"https:\/\/coresdevelopment.be\/fr\/residential\/projects\/wattland\/a-vendre-a-malines\/","og_site_name":"Cores Development","article_modified_time":"2025-06-23T14:32:50+00:00","og_image":[{"url":"https:\/\/coresdevelopment.be\/uploads\/2023\/06\/investeer-icoon.png","type":"","width":"","height":""}],"twitter_card":"summary_large_image","twitter_misc":{"Est. reading time":"2 minutes"},"schema":{"@context":"https:\/\/schema.org","@graph":[{"@type":"WebPage","@id":"https:\/\/coresdevelopment.be\/fr\/residential\/projects\/wattland\/a-vendre-a-malines\/","url":"https:\/\/coresdevelopment.be\/fr\/residential\/projects\/wattland\/a-vendre-a-malines\/","name":"Nieuwbouw te koop in Mechelen - CORES Development","isPartOf":{"@id":"https:\/\/coresdevelopment.be\/#website"},"primaryImageOfPage":{"@id":"https:\/\/coresdevelopment.be\/fr\/residential\/projects\/wattland\/a-vendre-a-malines\/#primaryimage"},"image":{"@id":"https:\/\/coresdevelopment.be\/fr\/residential\/projects\/wattland\/a-vendre-a-malines\/#primaryimage"},"thumbnailUrl":"https:\/\/coresdevelopment.be\/uploads\/2023\/06\/investeer-icoon.png","datePublished":"2024-06-14T14:21:49+00:00","dateModified":"2025-06-23T14:32:50+00:00","breadcrumb":{"@id":"https:\/\/coresdevelopment.be\/fr\/residential\/projects\/wattland\/a-vendre-a-malines\/#breadcrumb"},"inLanguage":"fr-FR","potentialAction":[{"@type":"ReadAction","target":["https:\/\/coresdevelopment.be\/fr\/residential\/projects\/wattland\/a-vendre-a-malines\/"]}]},{"@type":"ImageObject","inLanguage":"fr-FR","@id":"https:\/\/coresdevelopment.be\/fr\/residential\/projects\/wattland\/a-vendre-a-malines\/#primaryimage","url":"https:\/\/coresdevelopment.be\/uploads\/2023\/06\/investeer-icoon.png","contentUrl":"https:\/\/coresdevelopment.be\/uploads\/2023\/06\/investeer-icoon.png"},{"@type":"BreadcrumbList","@id":"https:\/\/coresdevelopment.be\/fr\/residential\/projects\/wattland\/a-vendre-a-malines\/#breadcrumb","itemListElement":[{"@type":"ListItem","position":1,"name":"Home","item":"https:\/\/coresdevelopment.be\/fr\/"},{"@type":"ListItem","position":2,"name":"Residential projecten","item":"https:\/\/coresdevelopment.be\/residential\/projects\/"},{"@type":"ListItem","position":3,"name":"Wattland","item":"https:\/\/coresdevelopment.be\/fr\/residential\/projects\/wattland\/"},{"@type":"ListItem","position":4,"name":"\u00e0 vendre \u00e0 Malines"}]},{"@type":"WebSite","@id":"https:\/\/coresdevelopment.be\/#website","url":"https:\/\/coresdevelopment.be\/","name":"Cores Development","description":"En nog een WordPress site","potentialAction":[{"@type":"SearchAction","target":{"@type":"EntryPoint","urlTemplate":"https:\/\/coresdevelopment.be\/?s={search_term_string}"},"query-input":{"@type":"PropertyValueSpecification","valueRequired":true,"valueName":"search_term_string"}}],"inLanguage":"fr-FR"}]}},"_links":{"self":[{"href":"https:\/\/coresdevelopment.be\/fr\/wp-json\/wp\/v2\/private-project\/13764","targetHints":{"allow":["GET"]}}],"collection":[{"href":"https:\/\/coresdevelopment.be\/fr\/wp-json\/wp\/v2\/private-project"}],"about":[{"href":"https:\/\/coresdevelopment.be\/fr\/wp-json\/wp\/v2\/types\/private-project"}],"up":[{"embeddable":true,"href":"https:\/\/coresdevelopment.be\/fr\/wp-json\/wp\/v2\/private-project\/5890"}],"wp:attachment":[{"href":"https:\/\/coresdevelopment.be\/fr\/wp-json\/wp\/v2\/media?parent=13764"}],"wp:term":[{"taxonomy":"private-project-type","embeddable":true,"href":"https:\/\/coresdevelopment.be\/fr\/wp-json\/wp\/v2\/private-project-type?post=13764"},{"taxonomy":"private-project-status","embeddable":true,"href":"https:\/\/coresdevelopment.be\/fr\/wp-json\/wp\/v2\/private-project-status?post=13764"},{"taxonomy":"private-project-location","embeddable":true,"href":"https:\/\/coresdevelopment.be\/fr\/wp-json\/wp\/v2\/private-project-location?post=13764"}],"curies":[{"name":"wp","href":"https:\/\/api.w.org\/{rel}","templated":true}]}}